{"id":379,"date":"2022-01-03T15:04:55","date_gmt":"2022-01-03T14:04:55","guid":{"rendered":"http:\/\/gruene-flotte.com\/wohnmobil\/?post_type=wohnmobil_auto&#038;p=379"},"modified":"2024-01-08T10:02:16","modified_gmt":"2024-01-08T09:02:16","slug":"ford-transit-custom-nugget-2","status":"publish","type":"wohnmobil_auto","link":"https:\/\/gruene-flotte.com\/wohnmobil\/wohnmobil-autos\/ford-transit-custom-nugget-2\/","title":{"rendered":"FORD NUGGET"},"content":{"rendered":"<p>[et_pb_section fb_built=&#8220;1&#8243; _builder_version=&#8220;4.17.4&#8243; _module_preset=&#8220;default&#8220; custom_margin=&#8220;30px||0px||false|false&#8220; custom_margin_tablet=&#8220;70px||||false|false&#8220; custom_margin_phone=&#8220;70px||||false|false&#8220; custom_margin_last_edited=&#8220;on|phone&#8220; custom_padding=&#8220;||0px||false|false&#8220; locked=&#8220;off&#8220; global_colors_info=&#8220;{}&#8220;][et_pb_row _builder_version=&#8220;4.17.4&#8243; _module_preset=&#8220;default&#8220; global_colors_info=&#8220;{}&#8220;][et_pb_column type=&#8220;4_4&#8243; _builder_version=&#8220;4.17.4&#8243; _module_preset=&#8220;default&#8220; global_colors_info=&#8220;{}&#8220;][et_pb_gallery gallery_ids=&#8220;388,383,382,384,387,386,381&#8243; fullwidth=&#8220;on&#8220; _builder_version=&#8220;4.18.1&#8243; _module_preset=&#8220;default&#8220; height=&#8220;80vh&#8220; height_tablet=&#8220;80vh&#8220; height_phone=&#8220;30vh&#8220; height_last_edited=&#8220;on|phone&#8220; global_colors_info=&#8220;{}&#8220;][\/et_pb_gallery][\/et_pb_column][\/et_pb_row][\/et_pb_section][et_pb_section fb_built=&#8220;1&#8243; admin_label=&#8220;AutoAbo&#8220; _builder_version=&#8220;4.17.4&#8243; _module_preset=&#8220;default&#8220; custom_padding=&#8220;0px|||||&#8220; global_colors_info=&#8220;{}&#8220;][et_pb_row admin_label=&#8220;Zur\u00fcck zur \u00dcbersicht&#8220; _builder_version=&#8220;4.17.4&#8243; _module_preset=&#8220;default&#8220; custom_margin=&#8220;||0px||false|false&#8220; custom_padding=&#8220;||0px||false|false&#8220; global_colors_info=&#8220;{}&#8220;][et_pb_column type=&#8220;4_4&#8243; _builder_version=&#8220;4.17.4&#8243; _module_preset=&#8220;default&#8220; global_colors_info=&#8220;{}&#8220;][et_pb_button button_url=&#8220;https:\/\/gruene-flotte.com\/wohnmobil\/#wohnmobilflotte&#8220; button_text=&#8220;Zur\u00fcck zur \u00dcbersicht&#8220; _builder_version=&#8220;4.23.4&#8243; _module_preset=&#8220;default&#8220; custom_button=&#8220;on&#8220; button_text_size=&#8220;16px&#8220; button_text_color=&#8220;#000000&#8243; button_bg_color=&#8220;#ebebeb&#8220; button_border_width=&#8220;0px&#8220; button_border_radius=&#8220;0px&#8220; button_letter_spacing=&#8220;2px&#8220; button_font=&#8220;|||on|||||&#8220; button_icon=&#8220;&#x38;||divi||400&#8243; button_icon_placement=&#8220;left&#8220; button_on_hover=&#8220;off&#8220; global_colors_info=&#8220;{}&#8220;][\/et_pb_button][\/et_pb_column][\/et_pb_row][et_pb_row column_structure=&#8220;2_3,1_3&#8243; admin_label=&#8220;Auto Infos&#8220; _builder_version=&#8220;4.17.4&#8243; _module_preset=&#8220;default&#8220; custom_margin=&#8220;||10px||false|false&#8220; global_colors_info=&#8220;{}&#8220;][et_pb_column type=&#8220;2_3&#8243; _builder_version=&#8220;4.17.4&#8243; _module_preset=&#8220;default&#8220; global_colors_info=&#8220;{}&#8220;][et_pb_text admin_label=&#8220;Text&#8220; module_id=&#8220;title&#8220; _builder_version=&#8220;4.17.4&#8243; _module_preset=&#8220;default&#8220; text_line_height=&#8220;3.2em&#8220; custom_margin=&#8220;||0px||false|false&#8220; custom_padding=&#8220;||0px||false|false&#8220; global_colors_info=&#8220;{}&#8220;]<\/p>\n<h2>FORD TRANSIT CUSTOM NUGGET MIT HOCHDACH<\/h2>\n<p>[\/et_pb_text][et_pb_text admin_label=&#8220;Text&#8220; _builder_version=&#8220;4.17.4&#8243; _module_preset=&#8220;default&#8220; text_line_height=&#8220;3.2em&#8220; custom_margin=&#8220;30px||||false|false&#8220; global_colors_info=&#8220;{}&#8220;]<\/p>\n<p>UNTERWEGS GANZ WIE ZUHAUSE F\u00dcHLEN<br \/>\nMit dem Ford Transit Custom mit Westfalia \u201eNugget\u201c-Umbau k\u00f6nnen Sie sich auch unterwegs ganz wie zu Hause f\u00fchlen! Egal, ob Sie neue Orte entdecken oder Ihre Lieblingsziele noch einmal besuchen m\u00f6chten.<br \/>\nDurch des Zwei-Raum-Konzepts bietet der Nugget eine optimale Trennung zwischen Wohn- und K\u00fcchenbereich. Insgesamt verf\u00fcgt das Fahrzeug \u00fcber 4 Schlafpl\u00e4tze und durchdachte Verstaum\u00f6glichkeiten.<\/p>\n<p>[\/et_pb_text][\/et_pb_column][et_pb_column type=&#8220;1_3&#8243; module_id=&#8220;features&#8220; _builder_version=&#8220;4.17.4&#8243; _module_preset=&#8220;default&#8220; global_colors_info=&#8220;{}&#8220;][et_pb_blurb title=&#8220;5-Sitzer&#8220; use_icon=&#8220;on&#8220; font_icon=&#8220;&#xf00c;||fa||900&#8243; icon_color=&#8220;#f7a600&#8243; icon_placement=&#8220;left&#8220; image_icon_width=&#8220;20px&#8220; admin_label=&#8220;Feature&#8220; _builder_version=&#8220;4.23.4&#8243; _module_preset=&#8220;default&#8220; header_font=&#8220;|700|||||||&#8220; custom_margin=&#8220;||10px||false|false&#8220; global_colors_info=&#8220;{}&#8220;][\/et_pb_blurb][et_pb_blurb title=&#8220;4 SCHLAF\u00adM\u00d6GLICHKEITEN&#8220; use_icon=&#8220;on&#8220; font_icon=&#8220;&#xf00c;||fa||900&#8243; icon_color=&#8220;#f7a600&#8243; icon_placement=&#8220;left&#8220; image_icon_width=&#8220;20px&#8220; admin_label=&#8220;Feature&#8220; _builder_version=&#8220;4.17.4&#8243; _module_preset=&#8220;default&#8220; header_font=&#8220;|700|||||||&#8220; custom_margin=&#8220;||10px||false|false&#8220; global_colors_info=&#8220;{}&#8220;][\/et_pb_blurb][et_pb_blurb title=&#8220;LEISTUNGSSTARKE STANDHEIZUNG&#8220; use_icon=&#8220;on&#8220; font_icon=&#8220;&#xf00c;||fa||900&#8243; icon_color=&#8220;#f7a600&#8243; icon_placement=&#8220;left&#8220; image_icon_width=&#8220;20px&#8220; admin_label=&#8220;Feature&#8220; _builder_version=&#8220;4.17.4&#8243; _module_preset=&#8220;default&#8220; header_font=&#8220;|700|||||||&#8220; custom_margin=&#8220;||10px||false|false&#8220; global_colors_info=&#8220;{}&#8220;][\/et_pb_blurb][et_pb_blurb title=&#8220; INTEGRIERTE K\u00dcCHE&#8220; use_icon=&#8220;on&#8220; font_icon=&#8220;&#xf00c;||fa||900&#8243; icon_color=&#8220;#f7a600&#8243; icon_placement=&#8220;left&#8220; image_icon_width=&#8220;20px&#8220; admin_label=&#8220;Feature&#8220; _builder_version=&#8220;4.17.4&#8243; _module_preset=&#8220;default&#8220; header_font=&#8220;|700|||||||&#8220; custom_margin=&#8220;||10px||false|false&#8220; global_colors_info=&#8220;{}&#8220;][\/et_pb_blurb][et_pb_blurb title=&#8220;FAHRZEUGH\u00d6HE 285 CM&#8220; use_icon=&#8220;on&#8220; font_icon=&#8220;&#xf00c;||fa||900&#8243; icon_color=&#8220;#f7a600&#8243; icon_placement=&#8220;left&#8220; image_icon_width=&#8220;20px&#8220; admin_label=&#8220;Feature&#8220; _builder_version=&#8220;4.17.4&#8243; _module_preset=&#8220;default&#8220; header_font=&#8220;|700|||||||&#8220; custom_margin=&#8220;||10px||false|false&#8220; global_colors_info=&#8220;{}&#8220;][\/et_pb_blurb][et_pb_blurb title=&#8220;CAMPINGGRUND\u00adAUSSTATTUNG INKLUSIVE&#8220; use_icon=&#8220;on&#8220; font_icon=&#8220;&#xf00c;||fa||900&#8243; icon_color=&#8220;#f7a600&#8243; icon_placement=&#8220;left&#8220; image_icon_width=&#8220;20px&#8220; admin_label=&#8220;Feature&#8220; _builder_version=&#8220;4.17.4&#8243; _module_preset=&#8220;default&#8220; header_font=&#8220;|700|||||||&#8220; custom_margin=&#8220;||10px||false|false&#8220; global_colors_info=&#8220;{}&#8220;][\/et_pb_blurb][\/et_pb_column][\/et_pb_row][et_pb_row admin_label=&#8220;Ausstattung&#8220; _builder_version=&#8220;4.17.4&#8243; _module_preset=&#8220;default&#8220; custom_padding=&#8220;||0px||false|false&#8220; global_colors_info=&#8220;{}&#8220;][et_pb_column type=&#8220;4_4&#8243; _builder_version=&#8220;4.17.4&#8243; _module_preset=&#8220;default&#8220; global_colors_info=&#8220;{}&#8220;][et_pb_text _builder_version=&#8220;4.17.4&#8243; _module_preset=&#8220;default&#8220; global_colors_info=&#8220;{}&#8220;]<\/p>\n<h3><strong>Dieses Fahrzeug ist Ausgestattet mit:<\/strong><\/h3>\n<p>[\/et_pb_text][\/et_pb_column][\/et_pb_row][et_pb_row column_structure=&#8220;1_3,1_3,1_3&#8243; admin_label=&#8220;Ausstattung&#8220; _builder_version=&#8220;4.17.4&#8243; _module_preset=&#8220;default&#8220; custom_margin=&#8220;||10px||false|false&#8220; global_colors_info=&#8220;{}&#8220;][et_pb_column type=&#8220;1_3&#8243; _builder_version=&#8220;4.17.4&#8243; _module_preset=&#8220;default&#8220; global_colors_info=&#8220;{}&#8220;][et_pb_blurb title=&#8220;Zweite Liegefl\u00e4che durch umgebaute Sitzbank von 128 x 191 cm&#8220; use_icon=&#8220;on&#8220; font_icon=&#8220;&#xf00c;||fa||900&#8243; icon_color=&#8220;#f7a600&#8243; icon_placement=&#8220;left&#8220; image_icon_width=&#8220;20px&#8220; admin_label=&#8220;Feature&#8220; _builder_version=&#8220;4.23.4&#8243; _module_preset=&#8220;default&#8220; header_level=&#8220;h5&#8243; header_font=&#8220;||||||||&#8220; header_font_size=&#8220;18px&#8220; header_line_height=&#8220;1.2em&#8220; custom_margin=&#8220;||10px||false|false&#8220; global_colors_info=&#8220;{}&#8220;][\/et_pb_blurb][et_pb_blurb title=&#8220;2 seitliche und ein mittiges Dachfenster&#8220; use_icon=&#8220;on&#8220; font_icon=&#8220;&#xf00c;||fa||900&#8243; icon_color=&#8220;#f7a600&#8243; icon_placement=&#8220;left&#8220; image_icon_width=&#8220;20px&#8220; admin_label=&#8220;Feature&#8220; _builder_version=&#8220;4.17.4&#8243; _module_preset=&#8220;default&#8220; header_level=&#8220;h5&#8243; header_font=&#8220;||||||||&#8220; header_font_size=&#8220;18px&#8220; header_line_height=&#8220;1.2em&#8220; custom_margin=&#8220;||10px||false|false&#8220; global_colors_info=&#8220;{}&#8220;][\/et_pb_blurb][et_pb_blurb title=&#8220;3er-Sitzbank mit 3-Punkt-Sicherheitsgurten&#8220; use_icon=&#8220;on&#8220; font_icon=&#8220;&#xf00c;||fa||900&#8243; icon_color=&#8220;#f7a600&#8243; icon_placement=&#8220;left&#8220; image_icon_width=&#8220;20px&#8220; admin_label=&#8220;Feature&#8220; _builder_version=&#8220;4.17.4&#8243; _module_preset=&#8220;default&#8220; header_level=&#8220;h5&#8243; header_font=&#8220;||||||||&#8220; header_font_size=&#8220;18px&#8220; header_line_height=&#8220;1.2em&#8220; custom_margin=&#8220;||10px||false|false&#8220; global_colors_info=&#8220;{}&#8220;][\/et_pb_blurb][et_pb_blurb title=&#8220;ISOFIX-Halterungen&#8220; use_icon=&#8220;on&#8220; font_icon=&#8220;&#xf00c;||fa||900&#8243; icon_color=&#8220;#f7a600&#8243; icon_placement=&#8220;left&#8220; image_icon_width=&#8220;20px&#8220; admin_label=&#8220;Feature&#8220; _builder_version=&#8220;4.17.4&#8243; _module_preset=&#8220;default&#8220; header_level=&#8220;h5&#8243; header_font=&#8220;||||||||&#8220; header_font_size=&#8220;18px&#8220; header_line_height=&#8220;1.2em&#8220; custom_margin=&#8220;||10px||false|false&#8220; global_colors_info=&#8220;{}&#8220;][\/et_pb_blurb][et_pb_blurb title=&#8220;Durchgehende Stehh\u00f6he&#8220; use_icon=&#8220;on&#8220; font_icon=&#8220;&#xf00c;||fa||900&#8243; icon_color=&#8220;#f7a600&#8243; icon_placement=&#8220;left&#8220; image_icon_width=&#8220;20px&#8220; admin_label=&#8220;Feature&#8220; _builder_version=&#8220;4.17.4&#8243; _module_preset=&#8220;default&#8220; header_level=&#8220;h5&#8243; header_font=&#8220;||||||||&#8220; header_font_size=&#8220;18px&#8220; header_line_height=&#8220;1.2em&#8220; custom_margin=&#8220;||10px||false|false&#8220; global_colors_info=&#8220;{}&#8220;][\/et_pb_blurb][\/et_pb_column][et_pb_column type=&#8220;1_3&#8243; _builder_version=&#8220;4.17.4&#8243; _module_preset=&#8220;default&#8220; global_colors_info=&#8220;{}&#8220;][et_pb_blurb title=&#8220;Kleiderschrank inkl. W\u00e4schef\u00e4cher&#8220; use_icon=&#8220;on&#8220; font_icon=&#8220;&#xf00c;||fa||900&#8243; icon_color=&#8220;#f7a600&#8243; icon_placement=&#8220;left&#8220; image_icon_width=&#8220;20px&#8220; admin_label=&#8220;Feature&#8220; _builder_version=&#8220;4.17.4&#8243; _module_preset=&#8220;default&#8220; header_level=&#8220;h5&#8243; header_font=&#8220;||||||||&#8220; header_font_size=&#8220;18px&#8220; header_line_height=&#8220;1.2em&#8220; custom_margin=&#8220;||10px||false|false&#8220; global_colors_info=&#8220;{}&#8220;][\/et_pb_blurb][et_pb_blurb title=&#8220;Staukasten in der Sitzbank&#8220; use_icon=&#8220;on&#8220; font_icon=&#8220;&#xf00c;||fa||900&#8243; icon_color=&#8220;#f7a600&#8243; icon_placement=&#8220;left&#8220; image_icon_width=&#8220;20px&#8220; admin_label=&#8220;Feature&#8220; _builder_version=&#8220;4.17.4&#8243; _module_preset=&#8220;default&#8220; header_level=&#8220;h5&#8243; header_font=&#8220;||||||||&#8220; header_font_size=&#8220;18px&#8220; header_line_height=&#8220;1.2em&#8220; custom_margin=&#8220;||10px||false|false&#8220; global_colors_info=&#8220;{}&#8220;][\/et_pb_blurb][et_pb_blurb title=&#8220;Integrierte Verdunklungs\u00adm\u00f6glichkeiten&#8220; use_icon=&#8220;on&#8220; font_icon=&#8220;&#xf00c;||fa||900&#8243; icon_color=&#8220;#f7a600&#8243; icon_placement=&#8220;left&#8220; image_icon_width=&#8220;20px&#8220; admin_label=&#8220;Feature&#8220; _builder_version=&#8220;4.17.4&#8243; _module_preset=&#8220;default&#8220; header_level=&#8220;h5&#8243; header_font=&#8220;||||||||&#8220; header_font_size=&#8220;18px&#8220; header_line_height=&#8220;1.2em&#8220; custom_margin=&#8220;||10px||false|false&#8220; global_colors_info=&#8220;{}&#8220;][\/et_pb_blurb][et_pb_blurb title=&#8220;Integrierte Moskitonetze an den Fenstern&#8220; use_icon=&#8220;on&#8220; font_icon=&#8220;&#xf00c;||fa||900&#8243; icon_color=&#8220;#f7a600&#8243; icon_placement=&#8220;left&#8220; image_icon_width=&#8220;20px&#8220; admin_label=&#8220;Feature&#8220; _builder_version=&#8220;4.17.4&#8243; _module_preset=&#8220;default&#8220; header_level=&#8220;h5&#8243; header_font=&#8220;||||||||&#8220; header_font_size=&#8220;18px&#8220; header_line_height=&#8220;1.2em&#8220; custom_margin=&#8220;||10px||false|false&#8220; global_colors_info=&#8220;{}&#8220;][\/et_pb_blurb][et_pb_blurb title=&#8220;Diesel betriebene Standheizung&#8220; use_icon=&#8220;on&#8220; font_icon=&#8220;&#xf00c;||fa||900&#8243; icon_color=&#8220;#f7a600&#8243; icon_placement=&#8220;left&#8220; image_icon_width=&#8220;20px&#8220; admin_label=&#8220;Feature&#8220; _builder_version=&#8220;4.17.4&#8243; _module_preset=&#8220;default&#8220; header_level=&#8220;h5&#8243; header_font=&#8220;||||||||&#8220; header_font_size=&#8220;18px&#8220; header_line_height=&#8220;1.2em&#8220; custom_margin=&#8220;||10px||false|false&#8220; global_colors_info=&#8220;{}&#8220;][\/et_pb_blurb][et_pb_blurb title=&#8220;Fahrradtr\u00e4ger f\u00fcr zwei Fahrr\u00e4der&#8220; use_icon=&#8220;on&#8220; font_icon=&#8220;&#xf00c;||fa||900&#8243; icon_color=&#8220;#f7a600&#8243; icon_placement=&#8220;left&#8220; image_icon_width=&#8220;20px&#8220; admin_label=&#8220;Feature&#8220; _builder_version=&#8220;4.17.4&#8243; _module_preset=&#8220;default&#8220; header_level=&#8220;h5&#8243; header_font=&#8220;||||||||&#8220; header_font_size=&#8220;18px&#8220; header_line_height=&#8220;1.2em&#8220; custom_margin=&#8220;||10px||false|false&#8220; global_colors_info=&#8220;{}&#8220;][\/et_pb_blurb][\/et_pb_column][et_pb_column type=&#8220;1_3&#8243; _builder_version=&#8220;4.17.4&#8243; _module_preset=&#8220;default&#8220; global_colors_info=&#8220;{}&#8220;][et_pb_blurb title=&#8220;K\u00fcchenblock mit Sp\u00fcle und 2-flammigem Gaskocher (Gasanlage f\u00fcr 2,8-kg-Flasche)&#8220; use_icon=&#8220;on&#8220; font_icon=&#8220;&#xf00c;||fa||900&#8243; icon_color=&#8220;#f7a600&#8243; icon_placement=&#8220;left&#8220; image_icon_width=&#8220;20px&#8220; admin_label=&#8220;Feature&#8220; _builder_version=&#8220;4.17.4&#8243; _module_preset=&#8220;default&#8220; header_level=&#8220;h5&#8243; header_font=&#8220;||||||||&#8220; header_font_size=&#8220;18px&#8220; header_line_height=&#8220;1.2em&#8220; custom_margin=&#8220;||10px||false|false&#8220; global_colors_info=&#8220;{}&#8220;][\/et_pb_blurb][et_pb_blurb title=&#8220;42L Frisch- und Abwassertank&#8220; use_icon=&#8220;on&#8220; font_icon=&#8220;&#xf00c;||fa||900&#8243; icon_color=&#8220;#f7a600&#8243; icon_placement=&#8220;left&#8220; image_icon_width=&#8220;20px&#8220; admin_label=&#8220;Feature&#8220; _builder_version=&#8220;4.17.4&#8243; _module_preset=&#8220;default&#8220; header_level=&#8220;h5&#8243; header_font=&#8220;||||||||&#8220; header_font_size=&#8220;18px&#8220; header_line_height=&#8220;1.2em&#8220; custom_margin=&#8220;||10px||false|false&#8220; global_colors_info=&#8220;{}&#8220;][\/et_pb_blurb][et_pb_blurb title=&#8220;Leistungsstarke 40L K\u00fchlbox&#8220; use_icon=&#8220;on&#8220; font_icon=&#8220;&#xf00c;||fa||900&#8243; icon_color=&#8220;#f7a600&#8243; icon_placement=&#8220;left&#8220; image_icon_width=&#8220;20px&#8220; admin_label=&#8220;Feature&#8220; _builder_version=&#8220;4.17.4&#8243; _module_preset=&#8220;default&#8220; header_level=&#8220;h5&#8243; header_font=&#8220;||||||||&#8220; header_font_size=&#8220;18px&#8220; header_line_height=&#8220;1.2em&#8220; custom_margin=&#8220;||10px||false|false&#8220; global_colors_info=&#8220;{}&#8220;][\/et_pb_blurb][et_pb_blurb title=&#8220;Au\u00dfendusche an K\u00fcchenr\u00fcckseite&#8220; use_icon=&#8220;on&#8220; font_icon=&#8220;&#xf00c;||fa||900&#8243; icon_color=&#8220;#f7a600&#8243; icon_placement=&#8220;left&#8220; image_icon_width=&#8220;20px&#8220; admin_label=&#8220;Feature&#8220; _builder_version=&#8220;4.17.4&#8243; _module_preset=&#8220;default&#8220; header_level=&#8220;h5&#8243; header_font=&#8220;||||||||&#8220; header_font_size=&#8220;18px&#8220; header_line_height=&#8220;1.2em&#8220; custom_margin=&#8220;||10px||false|false&#8220; global_colors_info=&#8220;{}&#8220;][\/et_pb_blurb][et_pb_blurb title=&#8220;Campinggrundausstattung f\u00fcr vier Personen&#8220; use_icon=&#8220;on&#8220; font_icon=&#8220;&#xf00c;||fa||900&#8243; icon_color=&#8220;#f7a600&#8243; icon_placement=&#8220;left&#8220; image_icon_width=&#8220;20px&#8220; admin_label=&#8220;Feature&#8220; _builder_version=&#8220;4.17.4&#8243; _module_preset=&#8220;default&#8220; header_level=&#8220;h5&#8243; header_font=&#8220;||||||||&#8220; header_font_size=&#8220;18px&#8220; header_line_height=&#8220;1.2em&#8220; custom_margin=&#8220;||10px||false|false&#8220; global_colors_info=&#8220;{}&#8220;][\/et_pb_blurb][\/et_pb_column][\/et_pb_row][\/et_pb_section][et_pb_section fb_built=&#8220;1&#8243; admin_label=&#8220;Vertragsbedingungen&#8220; _builder_version=&#8220;4.17.4&#8243; _module_preset=&#8220;default&#8220; custom_padding=&#8220;0px||70px||false|false&#8220; global_colors_info=&#8220;{}&#8220;][et_pb_row _builder_version=&#8220;4.23.4&#8243; _module_preset=&#8220;default&#8220; background_enable_color=&#8220;off&#8220; custom_padding=&#8220;0px||0px||false|false&#8220; custom_css_free_form=&#8220;#leistungsuebersicht h2, #leistungsuebersicht h4 {||  color: #ffffff !important||}&#8220; global_module=&#8220;234&#8243; saved_tabs=&#8220;all&#8220; global_colors_info=&#8220;{}&#8220;][et_pb_column type=&#8220;4_4&#8243; _builder_version=&#8220;4.16&#8243; _module_preset=&#8220;default&#8220; global_colors_info=&#8220;{}&#8220;][et_pb_text admin_label=&#8220;Inklusivleistungen &#038; Vertragsbedingungen&#8220; _builder_version=&#8220;4.23.4&#8243; _module_preset=&#8220;default&#8220; header_font=&#8220;||||||||&#8220; header_font_size=&#8220;18px&#8220; header_line_height=&#8220;1.2em&#8220; custom_margin=&#8220;||10px||false|false&#8220; global_colors_info=&#8220;{}&#8220;]<\/p>\n<h2><span>Leistungs\u00ad\u00fcbersicht<\/span><\/h2>\n<h4><span>Wohnmobilvermietung<\/span><\/h4>\n<p>[\/et_pb_text][et_pb_toggle title=&#8220;Inklusivleistungen und Campinggrund\u00adausstattung&#8220; open_toggle_text_color=&#8220;#000000&#8243; closed_toggle_background_color=&#8220;#f8f8f8&#8243; _builder_version=&#8220;4.19.0&#8243; _module_preset=&#8220;default&#8220; title_text_color=&#8220;#000000&#8243; title_font=&#8220;|700|||||||&#8220; custom_margin=&#8220;||11px|||&#8220; border_width_all=&#8220;0px&#8220; global_colors_info=&#8220;{}&#8220;]<\/p>\n<div class=\"faq-row\">\n<div class=\"faq-col\">\n<h3 style=\"align-items: center; font-size: 16px; text-transform: unset; color: #000000 !important;\"><img loading=\"lazy\" decoding=\"async\" src=\"https:\/\/gruene-flotte.com\/urlaubsflotte\/wp-content\/uploads\/sites\/2\/2022\/04\/check-1.svg\" width=\"24\" height=\"24\" \/>2 Camping-St\u00fchle<\/h3>\n<h3 style=\"align-items: center; font-size: 16px; text-transform: unset; color: #000000 !important;\"><img loading=\"lazy\" decoding=\"async\" src=\"https:\/\/gruene-flotte.com\/urlaubsflotte\/wp-content\/uploads\/sites\/2\/2022\/04\/check-1.svg\" width=\"24\" height=\"24\" \/>1 Camping-Tisch<\/h3>\n<h3 style=\"align-items: center; font-size: 16px; text-transform: unset; color: #000000 !important;\"><img loading=\"lazy\" decoding=\"async\" src=\"https:\/\/gruene-flotte.com\/urlaubsflotte\/wp-content\/uploads\/sites\/2\/2022\/04\/check-1.svg\" width=\"24\" height=\"24\" \/>Verl\u00e4ngerungskabel + Camping-Adapter-Stecker<\/h3>\n<\/p>\n<\/div>\n<div class=\"faq-col\">\n<h3 style=\"align-items: center; font-size: 16px; text-transform: unset; color: #000000 !important;\"><img loading=\"lazy\" decoding=\"async\" src=\"https:\/\/gruene-flotte.com\/urlaubsflotte\/wp-content\/uploads\/sites\/2\/2022\/04\/check-1.svg\" width=\"24\" height=\"24\" \/>Auffahrkeile<\/h3>\n<h3 style=\"align-items: center; font-size: 16px; text-transform: unset; color: #000000 !important;\"><img loading=\"lazy\" decoding=\"async\" src=\"https:\/\/gruene-flotte.com\/urlaubsflotte\/wp-content\/uploads\/sites\/2\/2022\/04\/check-1.svg\" width=\"24\" height=\"24\" \/>Toilettenchemie<\/h3>\n<h3 style=\"align-items: center; font-size: 16px; text-transform: unset; color: #000000 !important;\"><img loading=\"lazy\" decoding=\"async\" src=\"https:\/\/gruene-flotte.com\/urlaubsflotte\/wp-content\/uploads\/sites\/2\/2022\/04\/check-1.svg\" width=\"24\" height=\"24\" \/>Wasserschlauch<\/h3>\n<\/p>\n<\/div>\n<div class=\"faq-col\">\n<h3 style=\"align-items: center; font-size: 16px; text-transform: unset; color: #000000 !important;\"><img loading=\"lazy\" decoding=\"async\" src=\"https:\/\/gruene-flotte.com\/urlaubsflotte\/wp-content\/uploads\/sites\/2\/2022\/04\/check-1.svg\" width=\"24\" height=\"24\" \/>Campinggas je Fahrzeugmodell<\/h3>\n<h3 style=\"align-items: center; font-size: 16px; text-transform: unset; color: #000000 !important;\"><img loading=\"lazy\" decoding=\"async\" src=\"https:\/\/gruene-flotte.com\/urlaubsflotte\/wp-content\/uploads\/sites\/2\/2022\/04\/check-1.svg\" width=\"24\" height=\"24\" \/>Schweizer Vignette<\/h3>\n<h3 style=\"align-items: center; font-size: 16px; text-transform: unset; color: #000000 !important;\"><img loading=\"lazy\" decoding=\"async\" src=\"https:\/\/gruene-flotte.com\/urlaubsflotte\/wp-content\/uploads\/sites\/2\/2022\/04\/check-1.svg\" width=\"24\" height=\"24\" \/>Markise<\/h3>\n<\/p>\n<\/div>\n<\/div>\n<h3 style=\"margin-top: 29px;\">Optional zu buchende Ausstattung:<\/h3>\n<div class=\"faq-row\">\n<div class=\"faq-col\">\n<h3 style=\"align-items: center; font-size: 16px; text-transform: unset; color: #000000 !important;\"><img loading=\"lazy\" decoding=\"async\" src=\"https:\/\/gruene-flotte.com\/urlaubsflotte\/wp-content\/uploads\/sites\/2\/2022\/04\/check-1.svg\" width=\"24\" height=\"24\" \/>Je ein weiterer Campingstuhl: 15\u20ac<\/h3>\n<\/p>\n<\/div>\n<div class=\"faq-col\">\n<h3 style=\"align-items: center; font-size: 16px; text-transform: unset; color: #000000 !important;\"><img loading=\"lazy\" decoding=\"async\" src=\"https:\/\/gruene-flotte.com\/urlaubsflotte\/wp-content\/uploads\/sites\/2\/2022\/04\/check-1.svg\" width=\"24\" height=\"24\" \/>Fahrradtr\u00e4ger f\u00fcr zwei Fahrr\u00e4der auf der Heckklappe oder der Anh\u00e4ngerkupplung (Roller Kronos 4 Fahrr\u00e4der): 50\u20ac<\/h3>\n<\/p>\n<\/div>\n<div class=\"faq-col\">\n<h3 style=\"align-items: center; font-size: 16px; text-transform: unset; color: #000000 !important;\"><img loading=\"lazy\" decoding=\"async\" src=\"https:\/\/gruene-flotte.com\/urlaubsflotte\/wp-content\/uploads\/sites\/2\/2022\/04\/check-1.svg\" width=\"24\" height=\"24\" \/>Camping Teppich: 15\u20ac<\/h3>\n<h3 style=\"align-items: center; font-size: 16px; text-transform: unset; color: #000000 !important;\"><img loading=\"lazy\" decoding=\"async\" src=\"https:\/\/gruene-flotte.com\/urlaubsflotte\/wp-content\/uploads\/sites\/2\/2022\/04\/check-1.svg\" width=\"24\" height=\"24\" \/>Camping Geschirr und K\u00fcchenausstattung: 40\u20ac<\/h3>\n<\/p>\n<\/div>\n<\/div>\n<p>[\/et_pb_toggle][et_pb_toggle title=&#8220;Vertrags\u00adbedingungen&#8220; open_toggle_text_color=&#8220;#000000&#8243; closed_toggle_background_color=&#8220;#f8f8f8&#8243; _builder_version=&#8220;4.19.0&#8243; _module_preset=&#8220;default&#8220; title_text_color=&#8220;#000000&#8243; title_font=&#8220;|700|||||||&#8220; custom_margin=&#8220;||11px|||&#8220; border_width_all=&#8220;0px&#8220; global_colors_info=&#8220;{}&#8220;]<\/p>\n<div class=\"faq-row\">\n<div class=\"faq-col\">\n<h3 style=\"align-items: center; font-size: 16px; text-transform: unset; color: #000000 !important;\"><img loading=\"lazy\" decoding=\"async\" src=\"https:\/\/gruene-flotte.com\/urlaubsflotte\/wp-content\/uploads\/sites\/2\/2022\/04\/check-1.svg\" width=\"24\" height=\"24\" \/>Abholung &amp; R\u00fcckgabe<\/h3>\n<p>  Die Camper, Wohnmobile und Wohnw\u00e4gen sind in der Stahlhofstra\u00dfe 3, in 79183 Waldkirch abzuholen und zur\u00fcckzubringen. Die \u00dcbergabe erfolgt immer am Nachmittag zwischen 13:00 und 18:00 Uhr. Die R\u00fcckgabe erfolgt am letzten Tag der Mietzeit vormittags zwischen 09:00 und 12:00 Uhr. Die \u00dcber- und R\u00fcckgaben sind von Montag bis Freitag m\u00f6glich.<\/p>\n<h3 style=\"align-items: center; font-size: 16px; text-transform: unset; color: #000000 !important;\"><img loading=\"lazy\" decoding=\"async\" src=\"https:\/\/gruene-flotte.com\/urlaubsflotte\/wp-content\/uploads\/sites\/2\/2022\/04\/check-1.svg\" width=\"24\" height=\"24\" \/>Freikilometer<\/h3>\n<p>  Pro Tag sind 250 Kilometer frei, jeder weitere Kilometer kostet 0,25\u20ac.<\/p>\n<h3 style=\"align-items: center; font-size: 16px; text-transform: unset; color: #000000 !important;\"><img loading=\"lazy\" decoding=\"async\" src=\"https:\/\/gruene-flotte.com\/urlaubsflotte\/wp-content\/uploads\/sites\/2\/2022\/04\/check-1.svg\" width=\"24\" height=\"24\" \/>Neuwagen<\/h3>\n<p>  Unsere Flotte besteht ausschlie\u00dflich aus Neuwagen und jungen Gebrauchten.<\/p>\n<h3 style=\"align-items: center; font-size: 16px; text-transform: unset; color: #000000 !important;\"><img loading=\"lazy\" decoding=\"async\" src=\"https:\/\/gruene-flotte.com\/urlaubsflotte\/wp-content\/uploads\/sites\/2\/2022\/04\/check-1.svg\" width=\"24\" height=\"24\" \/>Mietausfall<\/h3>\n<p>  Sofern wir das gemietete Fahrzeug zum vereinbarten \u00dcbergabepunkt nicht bereitstellen k\u00f6nnen, werden wir ein gleichwertiges oder eines der h\u00f6heren Kategorien zur Verf\u00fcgung stellen.<\/p>\n<h3 style=\"align-items: center; font-size: 16px; text-transform: unset; color: #000000 !important;\"><img loading=\"lazy\" decoding=\"async\" src=\"https:\/\/gruene-flotte.com\/urlaubsflotte\/wp-content\/uploads\/sites\/2\/2022\/04\/check-1.svg\" width=\"24\" height=\"24\" \/>Fahrzeugbetankung<\/h3>\n<p>  Das Fahrzeug ist bei \u00dcbergabe und R\u00fccknahme voll betankt. Ist dies bei der R\u00fcckgabe nicht der Fall, wird neben den tagesaktuellen Kraftstoffkosten eine Servicegeb\u00fchr in H\u00f6he von 20,00\u20ac in Rechnung gestellt.<\/p>\n<h3 style=\"align-items: center; font-size: 16px; text-transform: unset; color: #000000 !important;\"><img loading=\"lazy\" decoding=\"async\" src=\"https:\/\/gruene-flotte.com\/urlaubsflotte\/wp-content\/uploads\/sites\/2\/2022\/04\/check-1.svg\" width=\"24\" height=\"24\" \/>R\u00fcckgabe und Sauberkeit der Mietfahrzeuge<\/h3>\n<p>  Die Wohnmobile sind im Innenraum besenrein zur\u00fcckzugeben. Die K\u00fcche, das Bad und die Toilette sind in einem gereinigten, sauberen Zustand zur\u00fcckzugeben. Die Toilettenkassetten sind leer und in einem gereinigten Zustand zur\u00fcckzugeben. Das Grau- sowie das Frischwasser sind vor der R\u00fcckgabe zu leeren. Entspricht das Wohnmobil bei der R\u00fcckgabe nicht den genannten Anforderungen gelten folgende Reinigungspauschalen. Zus\u00e4tzliche Reinigung bei groben Verschmutzungen im Innenraum: 100,- \u20ac<br \/>\n  Reinigung aufgrund grober Verschmutzungen der K\u00fcche, des Bads oder der Toilette: 150,- \u20ac<\/p>\n<\/div>\n<div class=\"faq-col\">\n<h3 style=\"align-items: center; font-size: 16px; text-transform: unset; color: #000000 !important;\"><img loading=\"lazy\" decoding=\"async\" src=\"https:\/\/gruene-flotte.com\/urlaubsflotte\/wp-content\/uploads\/sites\/2\/2022\/04\/check-1.svg\" width=\"24\" height=\"24\" \/>Versicherung<\/h3>\n<p>  Haftpflichtversicherung, Vollkaskoversicherung und Teilkaskoversicherung (z.B. Glasschaden) mit 1.000,- \u20ac Selbstbeteiligung je Schadensfall. Zus\u00e4tzlich bieten wir eine Haftungsreduzierung auf 300,- \u20ac bei Steinschl\u00e4gen in der Windschutzscheibe an. Die Haftungsreduzierung kostet pro Mittag 10,- \u20ac.<\/p>\n<h3 style=\"align-items: center; font-size: 16px; text-transform: unset; color: #000000 !important;\"><img loading=\"lazy\" decoding=\"async\" src=\"https:\/\/gruene-flotte.com\/urlaubsflotte\/wp-content\/uploads\/sites\/2\/2022\/04\/check-1.svg\" width=\"24\" height=\"24\" \/> Mindestalter &amp; weitere Fahrer<\/h3>\n<p>  Das Mindestalter ist 18. Das Wohnmobil darf auch von Personen aus dem nahen Umfeld (Familienangeh\u00f6rige des 1. Grades sowie im Haushalt lebende Personen) gefahren werden. Weitere Fahrer m\u00fcssen zu Beginn der Miete im Mietvertrag festgehalten werden.<\/p>\n<h3 style=\"align-items: center; font-size: 16px; text-transform: unset; color: #000000 !important;\"><img loading=\"lazy\" decoding=\"async\" src=\"https:\/\/gruene-flotte.com\/urlaubsflotte\/wp-content\/uploads\/sites\/2\/2022\/04\/check-1.svg\" width=\"24\" height=\"24\" \/>Servicepauschale<\/h3>\n<p>  Pro Miete verlangen wir eine einmalige Servicepauschale von 129,- \u20ac. Diese beinhaltet eine umfassende Fahrzeugeinweisung und \u00dcbergabe, Campinggas, Toilettenchemie und eine Au\u00dfenreinigung des Fahrzeugs. Unsere Fahrzeuge werden ohne Frischwasser ausgeliefert.<\/p>\n<h3 style=\"align-items: center; font-size: 16px; text-transform: unset; color: #000000 !important;\"><img loading=\"lazy\" decoding=\"async\" src=\"https:\/\/gruene-flotte.com\/urlaubsflotte\/wp-content\/uploads\/sites\/2\/2022\/04\/check-1.svg\" width=\"24\" height=\"24\" \/>Stornierungsbedingungen<\/h3>\n<p>  Liegt ein von beiden Seiten akzeptierte Buchungsbest\u00e4tigung vor, greifen im Falle einer vorzeitigen Stornierung folgende Stornierungsbedingungen: Im Falle einer Stornierung bis 14 Tage vor Mietbeginn, werden dem Mieter Stornierungskosten in H\u00f6he von 25% der gesamten Mietkosten in Rechnung gestellt. Bei einer Stornierung der Miete im Zeitfensters zwischen 14 Tagen und 24 Stunden vor Mietbeginn, werden dem Mieter Stornierungskosten in Hohe von 50% der gesamten Mietkosten in Rechnung gestellt. Im Falle einer Stornierung innerhalb der letzten 24 Stunden vor Mietbeginn, werden dem Mieter Stornierungskosten in Hohe von 75% der gesamten Mietkosten in Rechnung gestellt.<br \/>\n  In diesem Zusammenhang empfehlen wir ausdr\u00fccklich eine private Reiser\u00fccktrittsversicherung abzuschlie\u00dfen.<\/p>\n<\/div>\n<div class=\"faq-col\">\n<h3 style=\"align-items: center; font-size: 16px; text-transform: unset; color: #000000 !important;\"><img loading=\"lazy\" decoding=\"async\" src=\"https:\/\/gruene-flotte.com\/urlaubsflotte\/wp-content\/uploads\/sites\/2\/2022\/04\/check-1.svg\" width=\"24\" height=\"24\" \/>Mietdauer<\/h3>\n<p>  In der Vorsaison betr\u00e4gt die Mindestmietdauer drei Tage. In der Zwischen- und Hauptsaison betr\u00e4gt die Mindestmietdauer eine Woche. Speziell in den Pfingstferien vermieten wir die Camper und Wohnmobile f\u00fcr mindestens zwei Wochen.<\/p>\n<h3 style=\"align-items: center; font-size: 16px; text-transform: unset; color: #000000 !important;\"><img loading=\"lazy\" decoding=\"async\" src=\"https:\/\/gruene-flotte.com\/urlaubsflotte\/wp-content\/uploads\/sites\/2\/2022\/04\/check-1.svg\" width=\"24\" height=\"24\" \/>Online Buchung und Bezahlung<\/h3>\n<p>  Das gew\u00fcnschte Fahrzeug ist online zu buchen. Um die Buchung verbindlich abzuschlie\u00dfen m\u00fcssen zun\u00e4chst 25 % der Mietpreises angezahlt werden. Online stehen unter anderem die Zahlungsarten Paypal, Mastercard, Visa oder giropay zur Verf\u00fcgung. Die noch ausstehenden 75 % der Mietkosten k\u00f6nnen vor der geplanten Fahrzeug\u00fcbergabe \u00fcberwiesen oder am Tag der Abholung via EC-oder Kreditkarte bezahlt werden.<\/p>\n<h3 style=\"align-items: center; font-size: 16px; text-transform: unset; color: #000000 !important;\"><img loading=\"lazy\" decoding=\"async\" src=\"https:\/\/gruene-flotte.com\/urlaubsflotte\/wp-content\/uploads\/sites\/2\/2022\/04\/check-1.svg\" width=\"24\" height=\"24\" \/>Rauchen und Haustiere<\/h3>\n<p>  Wir bitten unsere Kunden in unseren Fahrzeugen nicht zu rauchen. Das Mietf\u00fchren von Haustieren ist nicht erlaubt.<\/p>\n<\/div>\n<\/div>\n<p>[\/et_pb_toggle][\/et_pb_column][\/et_pb_row][\/et_pb_section][et_pb_section fb_built=&#8220;1&#8243; admin_label=&#8220;Preise&#8220; _builder_version=&#8220;4.17.4&#8243; _module_preset=&#8220;default&#8220; background_color=&#8220;#f7a600&#8243; global_colors_info=&#8220;{}&#8220;][et_pb_row _builder_version=&#8220;4.17.4&#8243; _module_preset=&#8220;default&#8220; custom_margin=&#8220;0px||0px||false|false&#8220; custom_padding=&#8220;0px||0px||false|false&#8220; global_colors_info=&#8220;{}&#8220;][et_pb_column type=&#8220;4_4&#8243; _builder_version=&#8220;4.17.4&#8243; _module_preset=&#8220;default&#8220; global_colors_info=&#8220;{}&#8220;][et_pb_text _builder_version=&#8220;4.18.0&#8243; _module_preset=&#8220;default&#8220; header_text_color=&#8220;#FFFFFF&#8220; header_2_text_color=&#8220;#FFFFFF&#8220; header_3_text_color=&#8220;#FFFFFF&#8220; global_colors_info=&#8220;{}&#8220;]<\/p>\n<h2>Mietsaison w\u00e4hlen<\/h2>\n<h3>W\u00e4hlen Sie Ihren passenden Urlaubszeitraum<\/h3>\n<p>[\/et_pb_text][\/et_pb_column][\/et_pb_row][et_pb_row _builder_version=&#8220;4.17.4&#8243; _module_preset=&#8220;default&#8220; width_tablet=&#8220;&#8220; width_phone=&#8220;100%&#8220; width_last_edited=&#8220;on|phone&#8220; global_colors_info=&#8220;{}&#8220;][et_pb_column type=&#8220;4_4&#8243; _builder_version=&#8220;4.17.4&#8243; _module_preset=&#8220;default&#8220; global_colors_info=&#8220;{}&#8220;][et_pb_pricing_tables featured_table_background_color=&#8220;#FFFFFF&#8220; featured_table_header_text_color=&#8220;#000000&#8243; header_background_color=&#8220;#efefef&#8220; show_bullet=&#8220;off&#8220; featured_table_price_background_color=&#8220;RGBA(255,255,255,0)&#8220; featured_table_price_color=&#8220;#000000&#8243; featured_table_currency_frequency_text_color=&#8220;#000000&#8243; _builder_version=&#8220;4.23.4&#8243; _module_preset=&#8220;default&#8220; currency_frequency_text_color=&#8220;#000000&#8243; price_text_color=&#8220;#000000&#8243; subheader_text_color=&#8220;#a0a0a0&#8243; header_text_color=&#8220;#000000&#8243; header_level=&#8220;h3&#8243; header_font=&#8220;|700|||||||&#8220; header_font_size=&#8220;25px&#8220; subheader_font=&#8220;|||on|||||&#8220; subheader_font_size=&#8220;14px&#8220; subheader_letter_spacing=&#8220;1px&#8220; price_font=&#8220;|800|||||||&#8220; currency_frequency_font=&#8220;|700||on|||||&#8220; background_color=&#8220;#FFFFFF&#8220; custom_button=&#8220;on&#8220; button_text_size=&#8220;16px&#8220; button_text_color=&#8220;#FFFFFF&#8220; button_bg_color=&#8220;#f7a600&#8243; button_border_width=&#8220;0px&#8220; button_border_radius=&#8220;0px&#8220; button_letter_spacing=&#8220;2px&#8220; button_font=&#8220;|800||on|||||&#8220; button_use_icon=&#8220;off&#8220; button_custom_padding=&#8220;8px|15px|8px|15px|false|false&#8220; hover_enabled=&#8220;0&#8243; custom_css_main_element=&#8220;position: relative&#8220; custom_css_pricing_heading=&#8220;padding-top: 30px !important;&#8220; custom_css_pricing_subtitle=&#8220;padding-bottom: 20px;&#8220; custom_css_pricing_top=&#8220;padding: 30px 0 !important;||border: 0px;||border: none;&#8220; custom_css_price=&#8220;border: 0px;||border: none;&#8220; custom_css_pricing_content=&#8220;padding: 0px !important;||border: none;||border: 0px !important;&#8220; custom_css_pricing_button=&#8220;border: 0px;||border: none;&#8220; custom_css_featured_table=&#8220;||&#8220; border_width_all=&#8220;0px&#8220; border_width_right=&#8220;10px&#8220; border_color_right=&#8220;#f7a600&#8243; border_width_left=&#8220;10px&#8220; border_color_left=&#8220;#f7a600&#8243; global_colors_info=&#8220;{}&#8220; button_bg_color__hover_enabled=&#8220;on|hover&#8220; button_bg_color__hover=&#8220;#000000&#8243; button_bg_enable_color__hover=&#8220;on&#8220; sticky_enabled=&#8220;0&#8243;][et_pb_pricing_table title=&#8220;Vorsaison&#8220; subtitle=&#8220;Inklusive Mehrwertsteuer&#8220; per=&#8220;\u20ac pro Tag&#8220; sum=&#8220;@ET-DC@eyJkeW5hbWljIjp0cnVlLCJjb250ZW50IjoiY3VzdG9tX21ldGFfbWluZGVzdGxhdWZ6ZWl0X3ByZWlzIiwic2V0dGluZ3MiOnsiYmVmb3JlIjoiIiwiYWZ0ZXIiOiIiLCJlbmFibGVfaHRtbCI6Im9mZiJ9fQ==@&#8220; button_url=&#8220;https:\/\/grueneflottewohnmobilvermietung-buchung.bookyt.de\/?linkgen=true&#038;station_id=1&#038;fahrzeuggruppe_id=1&#8243; button_text=&#8220;jetzt buchen&#8220; _builder_version=&#8220;4.23.4&#8243; _dynamic_attributes=&#8220;sum&#8220; _module_preset=&#8220;default&#8220; body_text_align=&#8220;center&#8220; body_line_height=&#8220;10px&#8220; currency_frequency_font_size=&#8220;20px&#8220; hover_enabled=&#8220;0&#8243; custom_css_pricing_content=&#8220;margin: 30px 0 50px;&#8220; global_colors_info=&#8220;{}&#8220; sticky_transition=&#8220;on&#8220; sticky_enabled=&#8220;0&#8243;]<\/p>\n<p>01. Januar bis 21. M\u00e4rz<\/p>\n<p>05. November bis 31. Dezember<\/p>\n<p>&nbsp;<\/p>\n<p><span style=\"color: #808080;\">zzgl. einmalig 139 \u20ac Servicepauschale<\/span><br \/><span style=\"color: #808080;\">Exklusive Kraftstoff<\/span><\/p>\n<p>[\/et_pb_pricing_table][et_pb_pricing_table title=&#8220;Zwischensaison&#8220; subtitle=&#8220;Inklusive Mehrwertsteuer&#8220; per=&#8220;\u20ac pro Tag&#8220; sum=&#8220;@ET-DC@eyJkeW5hbWljIjp0cnVlLCJjb250ZW50IjoiY3VzdG9tX21ldGFfbm9ybWFsbGF1ZnplaXRfcHJlaXMiLCJzZXR0aW5ncyI6eyJiZWZvcmUiOiIiLCJhZnRlciI6IiIsImVuYWJsZV9odG1sIjoib2ZmIn19@&#8220; button_url=&#8220;https:\/\/grueneflottewohnmobilvermietung-buchung.bookyt.de\/?linkgen=true&#038;station_id=1&#038;fahrzeuggruppe_id=1&#8243; button_text=&#8220;Jetzt buchen&#8220; _builder_version=&#8220;4.23.4&#8243; _dynamic_attributes=&#8220;sum&#8220; _module_preset=&#8220;default&#8220; body_text_align=&#8220;center&#8220; body_line_height=&#8220;10px&#8220; currency_frequency_font_size=&#8220;20px&#8220; hover_enabled=&#8220;0&#8243; custom_css_pricing_content=&#8220;margin: 30px 0 50px;&#8220; global_colors_info=&#8220;{}&#8220; sticky_transition=&#8220;on&#8220; sticky_enabled=&#8220;0&#8243;]<\/p>\n<p>22. M\u00e4rz bis 16. Mai<\/p>\n<p>04. Juni bis 18. Juli<\/p>\n<p>10. September bis 04. November<\/p>\n<p><span style=\"color: #808080;\">zzgl. einmalig 139 \u20ac Servicepauschale<\/span><br \/><span style=\"color: #808080;\">Exklusive Kraftstoff<\/span><\/p>\n<p>[\/et_pb_pricing_table][et_pb_pricing_table title=&#8220;Hauptsaison&#8220; subtitle=&#8220;Inklusive Mehrwertsteuer&#8220; per=&#8220;\u20ac pro Tag&#8220; sum=&#8220;@ET-DC@eyJkeW5hbWljIjp0cnVlLCJjb250ZW50IjoiY3VzdG9tX21ldGFfbWF4aW1hbGxhdWZ6ZWl0X3ByZWlzIiwic2V0dGluZ3MiOnsiYmVmb3JlIjoiIiwiYWZ0ZXIiOiIiLCJlbmFibGVfaHRtbCI6Im9mZiJ9fQ==@&#8220; button_url=&#8220;https:\/\/grueneflottewohnmobilvermietung-buchung.bookyt.de\/?linkgen=true&#038;station_id=1&#038;fahrzeuggruppe_id=1&#8243; button_text=&#8220;Jetzt buchen&#8220; _builder_version=&#8220;4.23.4&#8243; _dynamic_attributes=&#8220;sum&#8220; _module_preset=&#8220;default&#8220; body_text_align=&#8220;center&#8220; body_line_height=&#8220;10px&#8220; currency_frequency_font_size=&#8220;20px&#8220; hover_enabled=&#8220;0&#8243; custom_css_pricing_content=&#8220;margin: 30px 0 50px;&#8220; global_colors_info=&#8220;{}&#8220; sticky_transition=&#8220;on&#8220; sticky_enabled=&#8220;0&#8243;]<\/p>\n<p>17. Mai bis 03. Juni<\/p>\n<p>19. Juli bis 09. September<\/p>\n<p>&nbsp;<\/p>\n<p><span style=\"color: #808080;\">zzgl. einmalig 139 \u20ac Servicepauschale<\/span><br \/><span style=\"color: #808080;\">Exklusive Kraftstoff<\/span><\/p>\n<p>[\/et_pb_pricing_table][\/et_pb_pricing_tables][\/et_pb_column][\/et_pb_row][\/et_pb_section]<\/p>\n","protected":false},"featured_media":388,"parent":0,"template":"","meta":{"_acf_changed":false,"_et_pb_use_builder":"on","_et_pb_old_content":"sdfgsdfgsdg","_et_gb_content_width":"","inline_featured_image":false,"footnotes":""},"class_list":["post-379","wohnmobil_auto","type-wohnmobil_auto","status-publish","has-post-thumbnail","hentry"],"acf":{"kraftstoff":"Diesel","getriebe":"Schaltung & Automatik","grose":"","model":"MIT HOCHDACH","preis_ab":"79","mindestlaufzeit_preis":79,"normallaufzeit_preis":94,"maximallaufzeit_preis":"114"},"yoast_head":"<!-- This site is optimized with the Yoast SEO plugin v24.0 - https:\/\/yoast.com\/wordpress\/plugins\/seo\/ -->\n<title>FORD NUGGET - Gr\u00fcne Flotte Wohnmobil<\/title>\n<meta name=\"robots\" content=\"index, follow, max-snippet:-1, max-image-preview:large, max-video-preview:-1\" \/>\n<link rel=\"canonical\" href=\"https:\/\/gruene-flotte.com\/wohnmobil\/wohnmobil-autos\/ford-transit-custom-nugget-2\/\" \/>\n<meta property=\"og:locale\" content=\"de_DE\" \/>\n<meta property=\"og:type\" content=\"article\" \/>\n<meta property=\"og:title\" content=\"FORD NUGGET - Gr\u00fcne Flotte Wohnmobil\" \/>\n<meta property=\"og:description\" content=\"FORD TRANSIT CUSTOM NUGGET MIT HOCHDACHUNTERWEGS GANZ WIE ZUHAUSE F\u00dcHLEN Mit dem Ford Transit Custom mit Westfalia \u201eNugget\u201c-Umbau k\u00f6nnen Sie sich auch unterwegs ganz wie zu Hause f\u00fchlen! Egal, ob Sie neue Orte entdecken oder Ihre Lieblingsziele noch einmal besuchen m\u00f6chten. Durch des Zwei-Raum-Konzepts bietet der Nugget eine optimale Trennung zwischen Wohn- und K\u00fcchenbereich. Insgesamt [&hellip;]\" \/>\n<meta property=\"og:url\" content=\"https:\/\/gruene-flotte.com\/wohnmobil\/wohnmobil-autos\/ford-transit-custom-nugget-2\/\" \/>\n<meta property=\"og:site_name\" content=\"Gr\u00fcne Flotte Wohnmobil\" \/>\n<meta property=\"article:modified_time\" content=\"2024-01-08T09:02:16+00:00\" \/>\n<meta property=\"og:image\" content=\"https:\/\/gruene-flotte.com\/wohnmobil\/wp-content\/uploads\/sites\/2\/2022\/06\/0_2019Ford_TransitCustomNugget_8-2.jpeg\" \/>\n\t<meta property=\"og:image:width\" content=\"2000\" \/>\n\t<meta property=\"og:image:height\" content=\"1333\" \/>\n\t<meta property=\"og:image:type\" content=\"image\/jpeg\" \/>\n<meta name=\"twitter:card\" content=\"summary_large_image\" \/>\n<meta name=\"twitter:label1\" content=\"Gesch\u00e4tzte Lesezeit\" \/>\n\t<meta name=\"twitter:data1\" content=\"16\u00a0Minuten\" \/>\n<script type=\"application\/ld+json\" class=\"yoast-schema-graph\">{\"@context\":\"https:\/\/schema.org\",\"@graph\":[{\"@type\":\"WebPage\",\"@id\":\"https:\/\/gruene-flotte.com\/wohnmobil\/wohnmobil-autos\/ford-transit-custom-nugget-2\/\",\"url\":\"https:\/\/gruene-flotte.com\/wohnmobil\/wohnmobil-autos\/ford-transit-custom-nugget-2\/\",\"name\":\"FORD NUGGET - Gr\u00fcne Flotte Wohnmobil\",\"isPartOf\":{\"@id\":\"https:\/\/gruene-flotte.com\/wohnmobil\/#website\"},\"primaryImageOfPage\":{\"@id\":\"https:\/\/gruene-flotte.com\/wohnmobil\/wohnmobil-autos\/ford-transit-custom-nugget-2\/#primaryimage\"},\"image\":{\"@id\":\"https:\/\/gruene-flotte.com\/wohnmobil\/wohnmobil-autos\/ford-transit-custom-nugget-2\/#primaryimage\"},\"thumbnailUrl\":\"https:\/\/gruene-flotte.com\/wohnmobil\/wp-content\/uploads\/sites\/2\/2022\/06\/0_2019Ford_TransitCustomNugget_8-2.jpeg\",\"datePublished\":\"2022-01-03T14:04:55+00:00\",\"dateModified\":\"2024-01-08T09:02:16+00:00\",\"breadcrumb\":{\"@id\":\"https:\/\/gruene-flotte.com\/wohnmobil\/wohnmobil-autos\/ford-transit-custom-nugget-2\/#breadcrumb\"},\"inLanguage\":\"de\",\"potentialAction\":[{\"@type\":\"ReadAction\",\"target\":[\"https:\/\/gruene-flotte.com\/wohnmobil\/wohnmobil-autos\/ford-transit-custom-nugget-2\/\"]}]},{\"@type\":\"ImageObject\",\"inLanguage\":\"de\",\"@id\":\"https:\/\/gruene-flotte.com\/wohnmobil\/wohnmobil-autos\/ford-transit-custom-nugget-2\/#primaryimage\",\"url\":\"https:\/\/gruene-flotte.com\/wohnmobil\/wp-content\/uploads\/sites\/2\/2022\/06\/0_2019Ford_TransitCustomNugget_8-2.jpeg\",\"contentUrl\":\"https:\/\/gruene-flotte.com\/wohnmobil\/wp-content\/uploads\/sites\/2\/2022\/06\/0_2019Ford_TransitCustomNugget_8-2.jpeg\",\"width\":2000,\"height\":1333},{\"@type\":\"BreadcrumbList\",\"@id\":\"https:\/\/gruene-flotte.com\/wohnmobil\/wohnmobil-autos\/ford-transit-custom-nugget-2\/#breadcrumb\",\"itemListElement\":[{\"@type\":\"ListItem\",\"position\":1,\"name\":\"Startseite\",\"item\":\"https:\/\/gruene-flotte.com\/wohnmobil\/\"},{\"@type\":\"ListItem\",\"position\":2,\"name\":\"wohnmobil Autos\",\"item\":\"https:\/\/gruene-flotte.com\/wohnmobil\/wohnmobil-autos\/\"},{\"@type\":\"ListItem\",\"position\":3,\"name\":\"FORD NUGGET\"}]},{\"@type\":\"WebSite\",\"@id\":\"https:\/\/gruene-flotte.com\/wohnmobil\/#website\",\"url\":\"https:\/\/gruene-flotte.com\/wohnmobil\/\",\"name\":\"Gr\u00fcne Flotte Wohnmobil\",\"description\":\"Wohnmobilvermietung\",\"publisher\":{\"@id\":\"https:\/\/gruene-flotte.com\/wohnmobil\/#organization\"},\"potentialAction\":[{\"@type\":\"SearchAction\",\"target\":{\"@type\":\"EntryPoint\",\"urlTemplate\":\"https:\/\/gruene-flotte.com\/wohnmobil\/?s={search_term_string}\"},\"query-input\":{\"@type\":\"PropertyValueSpecification\",\"valueRequired\":true,\"valueName\":\"search_term_string\"}}],\"inLanguage\":\"de\"},{\"@type\":\"Organization\",\"@id\":\"https:\/\/gruene-flotte.com\/wohnmobil\/#organization\",\"name\":\"Gr\u00fcne Flotte Wohnmobil\",\"url\":\"https:\/\/gruene-flotte.com\/wohnmobil\/\",\"logo\":{\"@type\":\"ImageObject\",\"inLanguage\":\"de\",\"@id\":\"https:\/\/gruene-flotte.com\/wohnmobil\/#\/schema\/logo\/image\/\",\"url\":\"https:\/\/gruene-flotte.com\/wohnmobil\/wp-content\/uploads\/sites\/2\/2022\/06\/Nugget_Plus_AD_Homepage_10.jpeg\",\"contentUrl\":\"https:\/\/gruene-flotte.com\/wohnmobil\/wp-content\/uploads\/sites\/2\/2022\/06\/Nugget_Plus_AD_Homepage_10.jpeg\",\"width\":2000,\"height\":1500,\"caption\":\"Gr\u00fcne Flotte Wohnmobil\"},\"image\":{\"@id\":\"https:\/\/gruene-flotte.com\/wohnmobil\/#\/schema\/logo\/image\/\"}}]}<\/script>\n<!-- \/ Yoast SEO plugin. -->","yoast_head_json":{"title":"FORD NUGGET - Gr\u00fcne Flotte Wohnmobil","robots":{"index":"index","follow":"follow","max-snippet":"max-snippet:-1","max-image-preview":"max-image-preview:large","max-video-preview":"max-video-preview:-1"},"canonical":"https:\/\/gruene-flotte.com\/wohnmobil\/wohnmobil-autos\/ford-transit-custom-nugget-2\/","og_locale":"de_DE","og_type":"article","og_title":"FORD NUGGET - Gr\u00fcne Flotte Wohnmobil","og_description":"FORD TRANSIT CUSTOM NUGGET MIT HOCHDACHUNTERWEGS GANZ WIE ZUHAUSE F\u00dcHLEN Mit dem Ford Transit Custom mit Westfalia \u201eNugget\u201c-Umbau k\u00f6nnen Sie sich auch unterwegs ganz wie zu Hause f\u00fchlen! Egal, ob Sie neue Orte entdecken oder Ihre Lieblingsziele noch einmal besuchen m\u00f6chten. Durch des Zwei-Raum-Konzepts bietet der Nugget eine optimale Trennung zwischen Wohn- und K\u00fcchenbereich. Insgesamt [&hellip;]","og_url":"https:\/\/gruene-flotte.com\/wohnmobil\/wohnmobil-autos\/ford-transit-custom-nugget-2\/","og_site_name":"Gr\u00fcne Flotte Wohnmobil","article_modified_time":"2024-01-08T09:02:16+00:00","og_image":[{"width":2000,"height":1333,"url":"https:\/\/gruene-flotte.com\/wohnmobil\/wp-content\/uploads\/sites\/2\/2022\/06\/0_2019Ford_TransitCustomNugget_8-2.jpeg","type":"image\/jpeg"}],"twitter_card":"summary_large_image","twitter_misc":{"Gesch\u00e4tzte Lesezeit":"16\u00a0Minuten"},"schema":{"@context":"https:\/\/schema.org","@graph":[{"@type":"WebPage","@id":"https:\/\/gruene-flotte.com\/wohnmobil\/wohnmobil-autos\/ford-transit-custom-nugget-2\/","url":"https:\/\/gruene-flotte.com\/wohnmobil\/wohnmobil-autos\/ford-transit-custom-nugget-2\/","name":"FORD NUGGET - Gr\u00fcne Flotte Wohnmobil","isPartOf":{"@id":"https:\/\/gruene-flotte.com\/wohnmobil\/#website"},"primaryImageOfPage":{"@id":"https:\/\/gruene-flotte.com\/wohnmobil\/wohnmobil-autos\/ford-transit-custom-nugget-2\/#primaryimage"},"image":{"@id":"https:\/\/gruene-flotte.com\/wohnmobil\/wohnmobil-autos\/ford-transit-custom-nugget-2\/#primaryimage"},"thumbnailUrl":"https:\/\/gruene-flotte.com\/wohnmobil\/wp-content\/uploads\/sites\/2\/2022\/06\/0_2019Ford_TransitCustomNugget_8-2.jpeg","datePublished":"2022-01-03T14:04:55+00:00","dateModified":"2024-01-08T09:02:16+00:00","breadcrumb":{"@id":"https:\/\/gruene-flotte.com\/wohnmobil\/wohnmobil-autos\/ford-transit-custom-nugget-2\/#breadcrumb"},"inLanguage":"de","potentialAction":[{"@type":"ReadAction","target":["https:\/\/gruene-flotte.com\/wohnmobil\/wohnmobil-autos\/ford-transit-custom-nugget-2\/"]}]},{"@type":"ImageObject","inLanguage":"de","@id":"https:\/\/gruene-flotte.com\/wohnmobil\/wohnmobil-autos\/ford-transit-custom-nugget-2\/#primaryimage","url":"https:\/\/gruene-flotte.com\/wohnmobil\/wp-content\/uploads\/sites\/2\/2022\/06\/0_2019Ford_TransitCustomNugget_8-2.jpeg","contentUrl":"https:\/\/gruene-flotte.com\/wohnmobil\/wp-content\/uploads\/sites\/2\/2022\/06\/0_2019Ford_TransitCustomNugget_8-2.jpeg","width":2000,"height":1333},{"@type":"BreadcrumbList","@id":"https:\/\/gruene-flotte.com\/wohnmobil\/wohnmobil-autos\/ford-transit-custom-nugget-2\/#breadcrumb","itemListElement":[{"@type":"ListItem","position":1,"name":"Startseite","item":"https:\/\/gruene-flotte.com\/wohnmobil\/"},{"@type":"ListItem","position":2,"name":"wohnmobil Autos","item":"https:\/\/gruene-flotte.com\/wohnmobil\/wohnmobil-autos\/"},{"@type":"ListItem","position":3,"name":"FORD NUGGET"}]},{"@type":"WebSite","@id":"https:\/\/gruene-flotte.com\/wohnmobil\/#website","url":"https:\/\/gruene-flotte.com\/wohnmobil\/","name":"Gr\u00fcne Flotte Wohnmobil","description":"Wohnmobilvermietung","publisher":{"@id":"https:\/\/gruene-flotte.com\/wohnmobil\/#organization"},"potentialAction":[{"@type":"SearchAction","target":{"@type":"EntryPoint","urlTemplate":"https:\/\/gruene-flotte.com\/wohnmobil\/?s={search_term_string}"},"query-input":{"@type":"PropertyValueSpecification","valueRequired":true,"valueName":"search_term_string"}}],"inLanguage":"de"},{"@type":"Organization","@id":"https:\/\/gruene-flotte.com\/wohnmobil\/#organization","name":"Gr\u00fcne Flotte Wohnmobil","url":"https:\/\/gruene-flotte.com\/wohnmobil\/","logo":{"@type":"ImageObject","inLanguage":"de","@id":"https:\/\/gruene-flotte.com\/wohnmobil\/#\/schema\/logo\/image\/","url":"https:\/\/gruene-flotte.com\/wohnmobil\/wp-content\/uploads\/sites\/2\/2022\/06\/Nugget_Plus_AD_Homepage_10.jpeg","contentUrl":"https:\/\/gruene-flotte.com\/wohnmobil\/wp-content\/uploads\/sites\/2\/2022\/06\/Nugget_Plus_AD_Homepage_10.jpeg","width":2000,"height":1500,"caption":"Gr\u00fcne Flotte Wohnmobil"},"image":{"@id":"https:\/\/gruene-flotte.com\/wohnmobil\/#\/schema\/logo\/image\/"}}]}},"_links":{"self":[{"href":"https:\/\/gruene-flotte.com\/wohnmobil\/wp-json\/wp\/v2\/wohnmobil_auto\/379","targetHints":{"allow":["GET"]}}],"collection":[{"href":"https:\/\/gruene-flotte.com\/wohnmobil\/wp-json\/wp\/v2\/wohnmobil_auto"}],"about":[{"href":"https:\/\/gruene-flotte.com\/wohnmobil\/wp-json\/wp\/v2\/types\/wohnmobil_auto"}],"version-history":[{"count":4,"href":"https:\/\/gruene-flotte.com\/wohnmobil\/wp-json\/wp\/v2\/wohnmobil_auto\/379\/revisions"}],"predecessor-version":[{"id":26828,"href":"https:\/\/gruene-flotte.com\/wohnmobil\/wp-json\/wp\/v2\/wohnmobil_auto\/379\/revisions\/26828"}],"wp:featuredmedia":[{"embeddable":true,"href":"https:\/\/gruene-flotte.com\/wohnmobil\/wp-json\/wp\/v2\/media\/388"}],"wp:attachment":[{"href":"https:\/\/gruene-flotte.com\/wohnmobil\/wp-json\/wp\/v2\/media?parent=379"}],"curies":[{"name":"wp","href":"https:\/\/api.w.org\/{rel}","templated":true}]}}