{"id":31930,"date":"2025-02-03T10:50:22","date_gmt":"2025-02-03T09:50:22","guid":{"rendered":"https:\/\/gruene-flotte.com\/carsharing\/?page_id=31930"},"modified":"2026-04-09T13:54:34","modified_gmt":"2026-04-09T11:54:34","slug":"buchen","status":"publish","type":"page","link":"https:\/\/gruene-flotte.com\/carsharing\/so-geht-carsharing\/buchen\/","title":{"rendered":"So geht&#8217;s &#8211; Buchen"},"content":{"rendered":"<p>[et_pb_section fb_built=&#8220;1&#8243; custom_padding_last_edited=&#8220;on|phone&#8220; _builder_version=&#8220;4.27.4&#8243; _module_preset=&#8220;default&#8220; custom_padding=&#8220;180px||0px||false|false&#8220; custom_padding_tablet=&#8220;||||false|false&#8220; custom_padding_phone=&#8220;110px|30px||30px|false|false&#8220; global_colors_info=&#8220;{}&#8220;][et_pb_row use_custom_gutter=&#8220;on&#8220; gutter_width=&#8220;2&#8243; _builder_version=&#8220;4.27.4&#8243; _module_preset=&#8220;default&#8220; width_tablet=&#8220;&#8220; width_phone=&#8220;100%&#8220; width_last_edited=&#8220;on|phone&#8220; custom_padding=&#8220;0px||0px||false|false&#8220; global_colors_info=&#8220;{}&#8220;][et_pb_column type=&#8220;4_4&#8243; _builder_version=&#8220;4.27.4&#8243; _module_preset=&#8220;default&#8220; global_colors_info=&#8220;{}&#8220;][et_pb_text _builder_version=&#8220;4.27.4&#8243; _module_preset=&#8220;default&#8220; text_font_size=&#8220;26px&#8220; global_colors_info=&#8220;{}&#8220;]<\/p>\n<h1 style=\"text-align: center;\">Buchen<\/h1>\n<p>[\/et_pb_text][\/et_pb_column][\/et_pb_row][\/et_pb_section][et_pb_section fb_built=&#8220;1&#8243; custom_padding_last_edited=&#8220;off|desktop&#8220; disabled_on=&#8220;on|on|off&#8220; _builder_version=&#8220;4.27.4&#8243; _module_preset=&#8220;default&#8220; custom_padding=&#8220;||||false|false&#8220; custom_padding_tablet=&#8220;||||false|false&#8220; custom_padding_phone=&#8220;|30px||30px|false|false&#8220; global_colors_info=&#8220;{}&#8220;][et_pb_row column_structure=&#8220;1_5,3_5,1_5&#8243; use_custom_gutter=&#8220;on&#8220; gutter_width=&#8220;2&#8243; _builder_version=&#8220;4.27.4&#8243; _module_preset=&#8220;default&#8220; width_tablet=&#8220;&#8220; width_phone=&#8220;100%&#8220; width_last_edited=&#8220;on|phone&#8220; custom_padding=&#8220;0px||0px||false|false&#8220; global_colors_info=&#8220;{}&#8220;][et_pb_column type=&#8220;1_5&#8243; _builder_version=&#8220;4.27.4&#8243; _module_preset=&#8220;default&#8220; global_colors_info=&#8220;{}&#8220;][et_pb_text _builder_version=&#8220;4.27.4&#8243; _module_preset=&#8220;default&#8220; text_font=&#8220;|800||on|||||&#8220; text_text_color=&#8220;#888888&#8243; text_letter_spacing=&#8220;1px&#8220; link_font=&#8220;||||||||&#8220; global_colors_info=&#8220;{}&#8220;]<\/p>\n<p><a style=\"color: #000000;\" href=\"https:\/\/gruene-flotte.com\/carsharing\/so-geht-carsharing\/registrierung\">Registrieren<\/a><br \/><a style=\"text-decoration: underline;\" href=\"https:\/\/gruene-flotte.com\/carsharing\/so-geht-carsharing\/buchen\">Buchen<\/a><br \/><a style=\"color: #000000;\" href=\"https:\/\/gruene-flotte.com\/carsharing\/so-geht-carsharing\/vor-fahrtbeginn\">Fahrtbeginn<\/a><br \/><a style=\"color: #000000;\" href=\"https:\/\/gruene-flotte.com\/carsharing\/so-geht-carsharing\/fahren\">Fahren<\/a><br \/><a style=\"color: #000000;\" href=\"https:\/\/gruene-flotte.com\/carsharing\/so-geht-carsharing\/fahrt-beenden\">Fahrt beenden<\/a><\/p>\n<p>[\/et_pb_text][et_pb_button button_url=&#8220;@ET-DC@eyJkeW5hbWljIjp0cnVlLCJjb250ZW50IjoicG9zdF9saW5rX3VybF9wYWdlIiwic2V0dGluZ3MiOnsicG9zdF9pZCI6IjMxODkyIn19@&#8220; button_text=&#8220;zur\u00fcck zur \u00dcbersicht&#8220; _builder_version=&#8220;4.27.4&#8243; _dynamic_attributes=&#8220;button_url&#8220; _module_preset=&#8220;default&#8220; custom_button=&#8220;on&#8220; button_text_color=&#8220;#000000&#8243; button_bg_color=&#8220;#efefef&#8220; button_letter_spacing=&#8220;0px&#8220; button_font=&#8220;|800||on|||||&#8220; button_icon=&#8220;&#x39;||divi||400&#8243; button_icon_placement=&#8220;left&#8220; custom_margin=&#8220;20px||||false|false&#8220; locked=&#8220;off&#8220; global_colors_info=&#8220;{}&#8220; button_bg_color__hover_enabled=&#8220;on|hover&#8220; button_bg_color__hover=&#8220;#000000&#8243; button_bg_enable_color__hover=&#8220;on&#8220; button_text_color__hover_enabled=&#8220;on|desktop&#8220; button_text_color__hover=&#8220;#FFFFFF&#8220;][\/et_pb_button][\/et_pb_column][et_pb_column type=&#8220;3_5&#8243; _builder_version=&#8220;4.27.4&#8243; _module_preset=&#8220;default&#8220; global_colors_info=&#8220;{}&#8220;][et_pb_text _builder_version=&#8220;4.27.4&#8243; _module_preset=&#8220;default&#8220; global_colors_info=&#8220;{}&#8220;]<\/p>\n<p>Gr\u00fcne Flotte Fahrzeuge k\u00f6nnen \u00fcber unsere Webseite, die Gr\u00fcne Flotte App oder telefonisch gebucht werden.\u200b\u200b Buchen Sie spontan oder bis zu 9 Monate im Voraus. Bis zu einer Stunde vor Buchungsbeginn kann die Fahrzeugbuchung kostenlos storniert bzw. angepasst werden. \u200bBerechnet wird immer jede angefangene Stunde. Bei vorzeitiger R\u00fcckgabe bekommen Sie f\u00fcr jede volle Stunde eine Gutschrift von 30 %.\u200b\u200b\u200b<\/p>\n<p>Neben den stations- bzw. quartiersbasierten Fahrzeugen stehen Ihnen auch die \u201eflott\u201c freefloating-Fahrzeuge zur Verf\u00fcgung. \u200b<\/p>\n<p><a href=\"https:\/\/gruene-flotte.com\/carsharing\/buchungssystem\">Jetzt buchen\u200b\u200b<\/a><br \/><a href=\"https:\/\/gruene-flotte.com\/carsharing\/mietpreise-gruene-flotte\/\">Unsere Mietpreise\u200b<\/a><br \/><a href=\"https:\/\/gruene-flotte.com\/carsharing\/flott-carsharing\/\">Was ist flott freefloating?<\/a><\/p>\n<p>[\/et_pb_text][et_pb_divider show_divider=&#8220;off&#8220; _builder_version=&#8220;4.27.4&#8243; _module_preset=&#8220;default&#8220; height=&#8220;30px&#8220; global_colors_info=&#8220;{}&#8220;][\/et_pb_divider][et_pb_toggle title=&#8220;Ausstattung und Zubeh\u00f6r&#8220; open_toggle_text_color=&#8220;#000000&#8243; open_toggle_background_color=&#8220;#f8f8f8&#8243; closed_toggle_background_color=&#8220;#f8f8f8&#8243; toggle_icon=&#8220;&#x33;||divi||400&#8243; use_icon_font_size=&#8220;on&#8220; icon_font_size=&#8220;25px&#8220; open_icon_color=&#8220;#000000&#8243; open_toggle_icon=&#8220;&#x32;||divi||400&#8243; open_use_icon_font_size=&#8220;on&#8220; open_icon_font_size=&#8220;25px&#8220; _builder_version=&#8220;4.27.4&#8243; _module_preset=&#8220;default&#8220; title_text_color=&#8220;#000000&#8243; title_level=&#8220;h3&#8243; title_font=&#8220;|800||on|||||&#8220; title_font_size=&#8220;16px&#8220; title_line_height=&#8220;0.8em&#8220; custom_margin=&#8220;||10px||false|false&#8220; closed_title_font_size_phone=&#8220;10px&#8220; closed_title_font_size_last_edited=&#8220;off|desktop&#8220; border_radii=&#8220;on|10px|10px|10px|10px&#8220; border_color_all=&#8220;#efefef&#8220; icon_font_size__hover_enabled=&#8220;off|hover&#8220; locked=&#8220;off&#8220; global_colors_info=&#8220;{}&#8220;]<\/p>\n<p><strong>Ausstattung\u200b<\/strong><\/p>\n<ul>\n<li>Alle Fahrzeuge der Gr\u00fcnen Flotte sind stets mit der jeweils passenden Saisonbereifung ausgestattet. Im Handschuhfach befindet sich die Fahrzeugmappe mit relevanten Hinweisen zur Carsharing-Nutzung, der Zulassungsbescheinigung sowie der internationalen Versicherungskarte. Detaillierte Informationen zu unseren Fahrzeugen finden Sie unter dem folgenden Link.<br \/><a href=\"https:\/\/gruene-flotte.com\/carsharing\/flotte\">Zur Fahrzeugflotte<\/a><\/li>\n<li>Einige Fahrzeuge sind mit einer Schweizer Autobahnvignette und\/oder der Franz\u00f6sischen Umweltplakette ausger\u00fcstet. Innerhalb des ersten Halbjahrs werden gekaufte Schweizer Autobahnvignetten gegen Vorlage des Kaufbelegs zur\u00fcckerstattet. Sollte ein Fahrzeug keine franz\u00f6sische Umweltplakette haben, k\u00f6nnen im Anschluss an die Fahrt die Kosten zur Erstattung \u00fcber den Kundenservice eingereicht werden.<\/li>\n<li>\u00dcber die Filterfunktion im Buchungssystem bzw. der Gr\u00fcnen Flotte App kann gezielt nach den gew\u00fcnschten Fahrzeugeigenschaften (u. a. Schalt-\/Automatikgetriebe, Anzahl Sitzpl\u00e4tze, franz\u00f6sischer Umweltplakette oder Schweizer Autobahnvignette) gesucht werden.\u200b<\/li>\n<\/ul>\n<p><strong>Zubeh\u00f6r\u200b<br \/><\/strong>Zus\u00e4tzlich zum Fahrzeug kann Zubeh\u00f6r angemietet werden. Das Zubeh\u00f6r ist in Waldkirch, Autohaus Schmid, Stahlhofstra\u00dfe 3, abzuholen und muss im Vorfeld \u00fcber den Kundenservice reserviert werden.\u200b<\/p>\n<ul>\n<li>Dachbox und\/oder Quertr\u00e4ger: 2,50\u00a0\u20ac\/Tag.\u200b<\/li>\n<li>Schneeketten: 1\u00a0\u20ac\/Tag.\u200b\u200b<\/li>\n<\/ul>\n<p>[\/et_pb_toggle][et_pb_toggle title=&#8220;Stationen &#038; Quartiere&#8220; open_toggle_text_color=&#8220;#000000&#8243; open_toggle_background_color=&#8220;#f8f8f8&#8243; closed_toggle_background_color=&#8220;#f8f8f8&#8243; toggle_icon=&#8220;&#x33;||divi||400&#8243; use_icon_font_size=&#8220;on&#8220; icon_font_size=&#8220;25px&#8220; open_icon_color=&#8220;#000000&#8243; open_toggle_icon=&#8220;&#x32;||divi||400&#8243; open_use_icon_font_size=&#8220;on&#8220; open_icon_font_size=&#8220;25px&#8220; _builder_version=&#8220;4.27.4&#8243; _module_preset=&#8220;default&#8220; title_text_color=&#8220;#000000&#8243; title_level=&#8220;h3&#8243; title_font=&#8220;|800||on|||||&#8220; title_font_size=&#8220;16px&#8220; title_line_height=&#8220;0.8em&#8220; custom_margin=&#8220;||10px||false|false&#8220; closed_title_font_size_phone=&#8220;10px&#8220; closed_title_font_size_last_edited=&#8220;off|desktop&#8220; border_radii=&#8220;on|10px|10px|10px|10px&#8220; border_color_all=&#8220;#efefef&#8220; icon_font_size__hover_enabled=&#8220;off|hover&#8220; locked=&#8220;off&#8220; global_colors_info=&#8220;{}&#8220;]<\/p>\n<p>H\u00e4ufig stehen unsere Fahrzeuge an ausgeschilderten Carsharing-Stationen. Diese Parkpl\u00e4tze sind exklusiv f\u00fcr Gr\u00fcne Flotte Fahrzeuge angemietet. Falschparker k\u00f6nnen gemeldet werden. Sollte ein Falschparker einen ben\u00f6tigten Parkplatz blockieren, wird dieser abgeschleppt. \u200b<br \/>Spezielle Hinweise zu den Stationen, zu empfehlende Anfahrtswege sowie weitere Besonderheiten haben wir in der App bzw. dem Buchungssystem je Station dokumentiert. \u200b<\/p>\n<p>Des Weiteren k\u00f6nnen Carsharing-Fahrzeuge der Gr\u00fcnen Flotte in Quartieren angemietet und abgestellt werden. Ein Quartier ist in der App bzw. im Buchungssystem als umrandete Fl\u00e4che dargestellt. Innerhalb dieses Gebiets kann das Fahrzeug auf allen freien und zeitlich unbegrenzten Parkpl\u00e4tzen abgestellt und entgegengenommen werden. Um das gebuchte Fahrzeug unkompliziert innerhalb des Quartiers zu finden, wird 15 min vor Nutzungsbeginn die genaue Position des Wagens per E-Mail und SMS mitgeteilt.<\/p>\n<p>[\/et_pb_toggle][et_pb_toggle title=&#8220;Was bedeutet \u201eSmartphone Only\u201c?  &#8220; open_toggle_text_color=&#8220;#000000&#8243; open_toggle_background_color=&#8220;#FFFFFF&#8220; closed_toggle_background_color=&#8220;#FFFFFF&#8220; icon_color=&#8220;#e61676&#8243; toggle_icon=&#8220;&#x33;||divi||400&#8243; use_icon_font_size=&#8220;on&#8220; icon_font_size=&#8220;25px&#8220; open_icon_color=&#8220;#e61676&#8243; open_toggle_icon=&#8220;&#x32;||divi||400&#8243; open_use_icon_font_size=&#8220;on&#8220; open_icon_font_size=&#8220;25px&#8220; _builder_version=&#8220;4.27.4&#8243; _module_preset=&#8220;default&#8220; title_text_color=&#8220;#000000&#8243; title_level=&#8220;h3&#8243; title_font=&#8220;|800||on|||||&#8220; title_font_size=&#8220;16px&#8220; title_line_height=&#8220;0.8em&#8220; custom_margin=&#8220;||10px||false|false&#8220; closed_title_font_size_phone=&#8220;10px&#8220; closed_title_font_size_last_edited=&#8220;off|desktop&#8220; border_radii=&#8220;on|10px|10px|10px|10px&#8220; border_width_all=&#8220;2px&#8220; border_color_all=&#8220;#e61676&#8243; icon_font_size__hover_enabled=&#8220;off|hover&#8220; locked=&#8220;off&#8220; global_colors_info=&#8220;{}&#8220;]Alle Fahrzeuge, die mit dem Smartphone Only Sticker au\u00dfen und in der App gekennzeichnet sind, sind f\u00fcr Privatkunden ausschlie\u00dflich mit der App zu \u00f6ffnen. Die PIN wird direkt in der App eingegeben, die bisher bekannten Servicefragen sowie die akustischen Ansagen am Anfang und Ende der Fahrt entfallen. Der Schl\u00fcssel sowie die Lade- und Tankkarten befinden sich im Schl\u00fcsselhalter im Handschuhfach.<br \/>\nAm Ende der Fahrt Z\u00fcndung des Wagens ausschalten, Schl\u00fcssel zur\u00fcck in den Schl\u00fcsselhalter stecken, alle T\u00fcren schlie\u00dfen und mit der App von au\u00dfen abschlie\u00dfen. Somit ist die Buchung beendet. \u200b<\/p>\n<p>Link zum Artikel \u201e<a href=\"https:\/\/gruene-flotte.com\/carsharing\/2025\/10\/21\/smartphone-only-so-oeffnen-sie-ab-sofort-alle-neuen-gruene-flotte-fahrzeuge\/\">Mehr\u00a0zu Smartphone only<\/a>\u201c\u200b<\/p>\n<p>\u200bF\u00fcr Firmen- und Vereinskunden k\u00f6nnen abweichende Nutzungsm\u00f6glichkeiten gelten. Informieren Sie sich hierzu bei Ihrem\/r Hauptansprechpartner\/in Ihrer Organisation oder beim Gr\u00fcne Flotte Kundenservice.<\/p>\n<p><img loading=\"lazy\" decoding=\"async\" src=\"https:\/\/gruene-flotte.com\/carsharing\/wp-content\/uploads\/sites\/5\/2025\/10\/smartphone_only-241x300.png\" width=\"120\" height=\"150\" alt=\"\" class=\"wp-image-33145 alignnone size-medium\" \/>[\/et_pb_toggle][et_pb_divider show_divider=&#8220;off&#8220; _builder_version=&#8220;4.27.4&#8243; _module_preset=&#8220;default&#8220; height=&#8220;30px&#8220; global_colors_info=&#8220;{}&#8220;][\/et_pb_divider][et_pb_code _builder_version=&#8220;4.27.4&#8243; _module_preset=&#8220;default&#8220; global_colors_info=&#8220;{}&#8220;]<\/p>\n<style><!-- [et_pb_line_break_holder] -->  .gf-custom-how-it-works-wrapper {<!-- [et_pb_line_break_holder] -->    display: flex; <!-- [et_pb_line_break_holder] -->    gap: 16px; <!-- [et_pb_line_break_holder] -->    align-items: center; <!-- [et_pb_line_break_holder] -->    justify-content: space-between;<!-- [et_pb_line_break_holder] -->  }<!-- [et_pb_line_break_holder] -->  <!-- [et_pb_line_break_holder] -->  .gf-custom-how-it-works-button {<!-- [et_pb_line_break_holder] -->    display: flex; <!-- [et_pb_line_break_holder] -->    align-items:center; <!-- [et_pb_line_break_holder] -->    gap: 8px; <!-- [et_pb_line_break_holder] -->    justify-content: center; <!-- [et_pb_line_break_holder] -->    font-size: 16px; <!-- [et_pb_line_break_holder] -->    font-weight: 900; <!-- [et_pb_line_break_holder] -->    color: #ffffff; <!-- [et_pb_line_break_holder] -->    background-color: #82ba26; <!-- [et_pb_line_break_holder] -->    padding: 8px 16px; <!-- [et_pb_line_break_holder] -->    outline: none; <!-- [et_pb_line_break_holder] -->    border: none; <!-- [et_pb_line_break_holder] -->    font-family: 'Open Sans', sans-serif; <!-- [et_pb_line_break_holder] -->    border-radius: 5px; <!-- [et_pb_line_break_holder] -->    text-transform: uppercase; <!-- [et_pb_line_break_holder] -->    width: 100%;<!-- [et_pb_line_break_holder] -->    transition: .3s ease;<!-- [et_pb_line_break_holder] -->  }<!-- [et_pb_line_break_holder] -->  <!-- [et_pb_line_break_holder] -->  .gf-custom-how-it-works-button:hover {<!-- [et_pb_line_break_holder] -->    background-color: #000000;<!-- [et_pb_line_break_holder] -->    transition: .3s ease;<!-- [et_pb_line_break_holder] -->  }<!-- [et_pb_line_break_holder] --><\/style>\n<p><!-- [et_pb_line_break_holder] --><!-- [et_pb_line_break_holder] --><\/p>\n<div class=\"gf-custom-how-it-works-wrapper\"><!-- [et_pb_line_break_holder] -->  <a class=\"gf-custom-how-it-works-button\" href=\"https:\/\/gruene-flotte.com\/carsharing\/so-geht-carsharing\/registrierung\"><!-- [et_pb_line_break_holder] -->    <img decoding=\"async\" src=\"https:\/\/gruene-flotte.com\/carsharing\/wp-content\/uploads\/sites\/5\/2025\/02\/arrow-left.svg\" alt=\"arrow-left\" title=\"Pfeil-links\" \/> Registrieren<!-- [et_pb_line_break_holder] -->  <\/a><!-- [et_pb_line_break_holder] -->  <a class=\"gf-custom-how-it-works-button\" href=\"https:\/\/gruene-flotte.com\/carsharing\/so-geht-carsharing\/vor-fahrtbeginn\"><!-- [et_pb_line_break_holder] -->    Fahrtbeginn <img decoding=\"async\" src=\"https:\/\/gruene-flotte.com\/carsharing\/wp-content\/uploads\/sites\/5\/2025\/02\/arrow-right.svg\"\/><!-- [et_pb_line_break_holder] -->  <\/a><!-- [et_pb_line_break_holder] --><\/div>\n<p>[\/et_pb_code][\/et_pb_column][et_pb_column type=&#8220;1_5&#8243; _builder_version=&#8220;4.27.4&#8243; _module_preset=&#8220;default&#8220; global_colors_info=&#8220;{}&#8220;][et_pb_video_slider show_thumbnails=&#8220;off&#8220; module_class=&#8220;gf-vid-slider&#8220; _builder_version=&#8220;4.27.4&#8243; _module_preset=&#8220;default&#8220; custom_css_free_form=&#8220;.et_pb_video_slider .et-pb-controllers-has-video-tag.et-pb-controllers {||  bottom: -45px||}||||.gf-vid-slider .et-pb-controllers a {||  background-color: #82ba26||}||||.gf-vid-slider .et-pb-controllers .et-pb-active-control {||    background-color: #82ba26||}||||.gf-vid-slider .et_multi_view_hidden,.et_multi_view_hidden_image {||    display: block !important;||}&#8220; border_radii=&#8220;on|15px|15px|15px|15px&#8220; box_shadow_style=&#8220;preset3&#8243; locked=&#8220;off&#8220; global_colors_info=&#8220;{}&#8220;][et_pb_video_slider_item src=&#8220;https:\/\/gruene-flotte.com\/wp-content\/uploads\/sites\/5\/videos-so-gehts\/kim-buchen.mp4&#8243; image_src=&#8220;https:\/\/gruene-flotte.com\/carsharing\/wp-content\/uploads\/sites\/5\/2025\/06\/buchen-thumbnail-scaled.jpg&#8220; _builder_version=&#8220;4.27.4&#8243; _module_preset=&#8220;default&#8220; global_colors_info=&#8220;{}&#8220; show_image_overlay=&#8220;off&#8220;][\/et_pb_video_slider_item][et_pb_video_slider_item src=&#8220;https:\/\/gruene-flotte.com\/wp-content\/uploads\/sites\/5\/videos-so-gehts\/jaqui-fahren.mp4&#8243; image_src=&#8220;https:\/\/gruene-flotte.com\/carsharing\/wp-content\/uploads\/sites\/5\/2025\/06\/einsteigen-fahren-thumbnail-scaled.jpg&#8220; _builder_version=&#8220;4.27.4&#8243; _module_preset=&#8220;default&#8220; global_colors_info=&#8220;{}&#8220; show_image_overlay=&#8220;off&#8220;][\/et_pb_video_slider_item][et_pb_video_slider_item src=&#8220;https:\/\/gruene-flotte.com\/wp-content\/uploads\/sites\/5\/videos-so-gehts\/christian-schaden.mp4&#8243; image_src=&#8220;https:\/\/gruene-flotte.com\/carsharing\/wp-content\/uploads\/sites\/5\/2025\/06\/schadensmeldung-thumbnail-scaled.jpg&#8220; _builder_version=&#8220;4.27.4&#8243; _module_preset=&#8220;default&#8220; global_colors_info=&#8220;{}&#8220; show_image_overlay=&#8220;off&#8220;][\/et_pb_video_slider_item][et_pb_video_slider_item src=&#8220;https:\/\/gruene-flotte.com\/wp-content\/uploads\/sites\/5\/videos-so-gehts\/zoe-elektro.mp4&#8243; image_src=&#8220;https:\/\/gruene-flotte.com\/carsharing\/wp-content\/uploads\/sites\/5\/2025\/06\/e-carsharing-thumbnail-scaled.jpg&#8220; _builder_version=&#8220;4.27.4&#8243; _module_preset=&#8220;default&#8220; global_colors_info=&#8220;{}&#8220; show_image_overlay=&#8220;off&#8220;][\/et_pb_video_slider_item][et_pb_video_slider_item src=&#8220;https:\/\/gruene-flotte.com\/wp-content\/uploads\/sites\/5\/videos-so-gehts\/jonas-karten.mp4&#8243; image_src=&#8220;https:\/\/gruene-flotte.com\/carsharing\/wp-content\/uploads\/sites\/5\/2025\/06\/kartenmodelle-thumbnail-scaled.jpg&#8220; _builder_version=&#8220;4.27.4&#8243; _module_preset=&#8220;default&#8220; global_colors_info=&#8220;{}&#8220; show_image_overlay=&#8220;off&#8220;][\/et_pb_video_slider_item][et_pb_video_slider_item src=&#8220;https:\/\/gruene-flotte.com\/wp-content\/uploads\/sites\/5\/videos-so-gehts\/jonas-sicherheitspakete.mp4&#8243; image_src=&#8220;https:\/\/gruene-flotte.com\/carsharing\/wp-content\/uploads\/sites\/5\/2025\/06\/sicherheitspakete-thumbnail-scaled.jpg&#8220; _builder_version=&#8220;4.27.4&#8243; _module_preset=&#8220;default&#8220; global_colors_info=&#8220;{}&#8220; show_image_overlay=&#8220;off&#8220;][\/et_pb_video_slider_item][et_pb_video_slider_item src=&#8220;https:\/\/gruene-flotte.com\/wp-content\/uploads\/sites\/5\/videos-so-gehts\/jaqui-tanken.mp4&#8243; image_src=&#8220;https:\/\/gruene-flotte.com\/carsharing\/wp-content\/uploads\/sites\/5\/2025\/06\/tanken-thumbnail.jpg&#8220; _builder_version=&#8220;4.27.4&#8243; _module_preset=&#8220;default&#8220; global_colors_info=&#8220;{}&#8220; show_image_overlay=&#8220;off&#8220;][\/et_pb_video_slider_item][\/et_pb_video_slider][\/et_pb_column][\/et_pb_row][\/et_pb_section][et_pb_section fb_built=&#8220;1&#8243; custom_padding_last_edited=&#8220;on|desktop&#8220; disabled_on=&#8220;off|off|on&#8220; _builder_version=&#8220;4.27.4&#8243; _module_preset=&#8220;default&#8220; custom_padding=&#8220;||||false|false&#8220; custom_padding_tablet=&#8220;||||false|false&#8220; custom_padding_phone=&#8220;|30px||30px|false|false&#8220; global_colors_info=&#8220;{}&#8220;][et_pb_row use_custom_gutter=&#8220;on&#8220; gutter_width=&#8220;2&#8243; _builder_version=&#8220;4.27.4&#8243; _module_preset=&#8220;default&#8220; width_tablet=&#8220;&#8220; width_phone=&#8220;100%&#8220; width_last_edited=&#8220;on|phone&#8220; custom_padding=&#8220;0px||0px||false|false&#8220; global_colors_info=&#8220;{}&#8220;][et_pb_column type=&#8220;4_4&#8243; _builder_version=&#8220;4.27.4&#8243; _module_preset=&#8220;default&#8220; global_colors_info=&#8220;{}&#8220;][et_pb_text _builder_version=&#8220;4.27.4&#8243; _module_preset=&#8220;default&#8220; global_colors_info=&#8220;{}&#8220;]<\/p>\n<p>Gr\u00fcne Flotte Fahrzeuge k\u00f6nnen \u00fcber unsere Webseite, die Gr\u00fcne Flotte App oder telefonisch gebucht werden.\u200b\u200b Buchen Sie spontan oder bis zu 9 Monate im Voraus. Bis zu einer Stunde vor Buchungsbeginn kann die Fahrzeugbuchung kostenlos storniert bzw. angepasst werden. \u200bBerechnet wird immer jede angefangene Stunde. Bei vorzeitiger R\u00fcckgabe bekommen Sie f\u00fcr jede volle Stunde eine Gutschrift von 30 %.\u200b\u200b\u200b<\/p>\n<p>Neben den stations- bzw. quartiersbasierten Fahrzeugen stehen Ihnen auch die \u201eflott\u201c freefloating-Fahrzeuge zur Verf\u00fcgung. \u200b<\/p>\n<p><a href=\"https:\/\/gruene-flotte.com\/carsharing\/buchungssystem\">Jetzt buchen\u200b\u200b<\/a><br \/><a href=\"https:\/\/gruene-flotte.com\/carsharing\/mietpreise-gruene-flotte\/\">Unsere Mietpreise\u200b<\/a><br \/><a href=\"https:\/\/gruene-flotte.com\/carsharing\/flott-carsharing\/\">Was ist flott freefloating?<\/a><\/p>\n<p>[\/et_pb_text][et_pb_divider show_divider=&#8220;off&#8220; _builder_version=&#8220;4.27.4&#8243; _module_preset=&#8220;default&#8220; height=&#8220;30px&#8220; global_colors_info=&#8220;{}&#8220;][\/et_pb_divider][et_pb_toggle title=&#8220;Ausstattung und Zubeh\u00f6r&#8220; open_toggle_text_color=&#8220;#000000&#8243; open_toggle_background_color=&#8220;#f8f8f8&#8243; closed_toggle_background_color=&#8220;#f8f8f8&#8243; toggle_icon=&#8220;&#x33;||divi||400&#8243; use_icon_font_size=&#8220;on&#8220; icon_font_size=&#8220;25px&#8220; open_icon_color=&#8220;#000000&#8243; open_toggle_icon=&#8220;&#x32;||divi||400&#8243; open_use_icon_font_size=&#8220;on&#8220; open_icon_font_size=&#8220;25px&#8220; _builder_version=&#8220;4.27.4&#8243; _module_preset=&#8220;default&#8220; title_text_color=&#8220;#000000&#8243; title_level=&#8220;h3&#8243; title_font=&#8220;|800||on|||||&#8220; title_font_size=&#8220;16px&#8220; title_line_height=&#8220;0.8em&#8220; custom_margin=&#8220;||10px||false|false&#8220; closed_title_font_size_phone=&#8220;10px&#8220; closed_title_font_size_last_edited=&#8220;off|desktop&#8220; border_radii=&#8220;on|10px|10px|10px|10px&#8220; border_color_all=&#8220;#efefef&#8220; icon_font_size__hover_enabled=&#8220;off|hover&#8220; locked=&#8220;off&#8220; global_colors_info=&#8220;{}&#8220;]<\/p>\n<p><strong>Ausstattung\u200b<\/strong><\/p>\n<ul>\n<li>Alle Fahrzeuge der Gr\u00fcnen Flotte sind stets mit der jeweils passenden Saisonbereifung ausgestattet. Im Handschuhfach befindet sich die Fahrzeugmappe mit relevanten Hinweisen zur Carsharing-Nutzung, der Zulassungsbescheinigung sowie der internationalen Versicherungskarte. Detaillierte Informationen zu unseren Fahrzeugen finden Sie unter dem folgenden Link.<br \/><a href=\"https:\/\/gruene-flotte.com\/carsharing\/flotte\">Zur Fahrzeugflotte<\/a><\/li>\n<li>Einige Fahrzeuge sind mit einer Schweizer Autobahnvignette und\/oder der Franz\u00f6sischen Umweltplakette ausger\u00fcstet. Innerhalb des ersten Halbjahrs werden gekaufte Schweizer Autobahnvignetten gegen Vorlage des Kaufbelegs zur\u00fcckerstattet. Sollte ein Fahrzeug keine franz\u00f6sische Umweltplakette haben, k\u00f6nnen im Anschluss an die Fahrt die Kosten zur Erstattung \u00fcber den Kundenservice eingereicht werden.<\/li>\n<li>\u00dcber die Filterfunktion im Buchungssystem bzw. der Gr\u00fcnen Flotte App kann gezielt nach den gew\u00fcnschten Fahrzeugeigenschaften (u. a. Schalt-\/Automatikgetriebe, Anzahl Sitzpl\u00e4tze, franz\u00f6sischer Umweltplakette oder Schweizer Autobahnvignette) gesucht werden.\u200b<\/li>\n<\/ul>\n<p><strong>Zubeh\u00f6r\u200b<br \/><\/strong>Zus\u00e4tzlich zum Fahrzeug kann Zubeh\u00f6r angemietet werden. Das Zubeh\u00f6r ist in Waldkirch, Autohaus Schmid, Stahlhofstra\u00dfe 3, abzuholen und muss im Vorfeld \u00fcber den Kundenservice reserviert werden.\u200b<\/p>\n<ul>\n<li>Dachbox und\/oder Quertr\u00e4ger: 2,50\u00a0\u20ac\/Tag.\u200b<\/li>\n<li>Schneeketten: 1\u00a0\u20ac\/Tag.\u200b\u200b<\/li>\n<\/ul>\n<p>[\/et_pb_toggle][et_pb_toggle title=&#8220;Stationen &#038; Quartiere&#8220; open_toggle_text_color=&#8220;#000000&#8243; open_toggle_background_color=&#8220;#f8f8f8&#8243; closed_toggle_background_color=&#8220;#f8f8f8&#8243; toggle_icon=&#8220;&#x33;||divi||400&#8243; use_icon_font_size=&#8220;on&#8220; icon_font_size=&#8220;25px&#8220; open_icon_color=&#8220;#000000&#8243; open_toggle_icon=&#8220;&#x32;||divi||400&#8243; open_use_icon_font_size=&#8220;on&#8220; open_icon_font_size=&#8220;25px&#8220; _builder_version=&#8220;4.27.4&#8243; _module_preset=&#8220;default&#8220; title_text_color=&#8220;#000000&#8243; title_level=&#8220;h3&#8243; title_font=&#8220;|800||on|||||&#8220; title_font_size=&#8220;16px&#8220; title_line_height=&#8220;0.8em&#8220; custom_margin=&#8220;||10px||false|false&#8220; closed_title_font_size_phone=&#8220;10px&#8220; closed_title_font_size_last_edited=&#8220;off|desktop&#8220; border_radii=&#8220;on|10px|10px|10px|10px&#8220; border_color_all=&#8220;#efefef&#8220; icon_font_size__hover_enabled=&#8220;off|hover&#8220; locked=&#8220;off&#8220; global_colors_info=&#8220;{}&#8220;]<\/p>\n<p>H\u00e4ufig stehen unsere Fahrzeuge an ausgeschilderten Carsharing-Stationen. Diese Parkpl\u00e4tze sind exklusiv f\u00fcr Gr\u00fcne Flotte Fahrzeuge angemietet. Falschparker k\u00f6nnen gemeldet werden. Sollte ein Falschparker einen ben\u00f6tigten Parkplatz blockieren, wird dieser abgeschleppt. \u200b<br \/>Spezielle Hinweise zu den Stationen, zu empfehlende Anfahrtswege sowie weitere Besonderheiten haben wir in der App bzw. dem Buchungssystem je Station dokumentiert. \u200b<\/p>\n<p>Des Weiteren k\u00f6nnen Carsharing-Fahrzeuge der Gr\u00fcnen Flotte in Quartieren angemietet und abgestellt werden. Ein Quartier ist in der App bzw. im Buchungssystem als umrandete Fl\u00e4che dargestellt. Innerhalb dieses Gebiets kann das Fahrzeug auf allen freien und zeitlich unbegrenzten Parkpl\u00e4tzen abgestellt und entgegengenommen werden. Um das gebuchte Fahrzeug unkompliziert innerhalb des Quartiers zu finden, wird 15 min vor Nutzungsbeginn die genaue Position des Wagens per E-Mail und SMS mitgeteilt.<\/p>\n<p>[\/et_pb_toggle][et_pb_toggle title=&#8220;Was bedeutet \u201eSmartphone Only\u201c?  &#8220; open_toggle_text_color=&#8220;#000000&#8243; open_toggle_background_color=&#8220;#FFFFFF&#8220; closed_toggle_background_color=&#8220;#FFFFFF&#8220; icon_color=&#8220;#e61676&#8243; toggle_icon=&#8220;&#x33;||divi||400&#8243; use_icon_font_size=&#8220;on&#8220; icon_font_size=&#8220;25px&#8220; open_icon_color=&#8220;#e61676&#8243; open_toggle_icon=&#8220;&#x32;||divi||400&#8243; open_use_icon_font_size=&#8220;on&#8220; open_icon_font_size=&#8220;25px&#8220; _builder_version=&#8220;4.27.4&#8243; _module_preset=&#8220;default&#8220; title_text_color=&#8220;#000000&#8243; title_level=&#8220;h3&#8243; title_font=&#8220;|800||on|||||&#8220; title_font_size=&#8220;16px&#8220; title_line_height=&#8220;0.8em&#8220; custom_margin=&#8220;||10px||false|false&#8220; closed_title_font_size_phone=&#8220;10px&#8220; closed_title_font_size_last_edited=&#8220;off|desktop&#8220; border_radii=&#8220;on|10px|10px|10px|10px&#8220; border_width_all=&#8220;2px&#8220; border_color_all=&#8220;#e61676&#8243; icon_font_size__hover_enabled=&#8220;off|hover&#8220; locked=&#8220;off&#8220; global_colors_info=&#8220;{}&#8220;]Alle Fahrzeuge, die mit dem Smartphone Only Sticker au\u00dfen und in der App gekennzeichnet sind, sind f\u00fcr Privatkunden ausschlie\u00dflich mit der App zu \u00f6ffnen. Die PIN wird direkt in der App eingegeben, die bisher bekannten Servicefragen sowie die akustischen Ansagen am Anfang und Ende der Fahrt entfallen. Der Schl\u00fcssel sowie die Lade- und Tankkarten befinden sich im Schl\u00fcsselhalter im Handschuhfach.<br \/>\nAm Ende der Fahrt Z\u00fcndung des Wagens ausschalten, Schl\u00fcssel zur\u00fcck in den Schl\u00fcsselhalter stecken, alle T\u00fcren schlie\u00dfen und mit der App von au\u00dfen abschlie\u00dfen. Somit ist die Buchung beendet. \u200b<\/p>\n<p>Link zum Artikel \u201e<a href=\"https:\/\/gruene-flotte.com\/carsharing\/2025\/10\/21\/smartphone-only-so-oeffnen-sie-ab-sofort-alle-neuen-gruene-flotte-fahrzeuge\/\">Mehr\u00a0zu Smartphone only<\/a>\u201c\u200b<\/p>\n<p>\u200bF\u00fcr Firmen- und Vereinskunden k\u00f6nnen abweichende Nutzungsm\u00f6glichkeiten gelten. Informieren Sie sich hierzu bei Ihrem\/r Hauptansprechpartner\/in Ihrer Organisation oder beim Gr\u00fcne Flotte Kundenservice.<\/p>\n<p><img loading=\"lazy\" decoding=\"async\" src=\"https:\/\/gruene-flotte.com\/carsharing\/wp-content\/uploads\/sites\/5\/2025\/10\/smartphone_only-241x300.png\" width=\"120\" height=\"150\" alt=\"\" class=\"wp-image-33145 alignnone size-medium\" \/>[\/et_pb_toggle][et_pb_divider show_divider=&#8220;off&#8220; _builder_version=&#8220;4.27.4&#8243; _module_preset=&#8220;default&#8220; height=&#8220;30px&#8220; global_colors_info=&#8220;{}&#8220;][\/et_pb_divider][et_pb_code _builder_version=&#8220;4.27.4&#8243; _module_preset=&#8220;default&#8220; global_colors_info=&#8220;{}&#8220;]<\/p>\n<style><!-- [et_pb_line_break_holder] -->  .gf-custom-how-it-works-wrapper {<!-- [et_pb_line_break_holder] -->    display: flex; <!-- [et_pb_line_break_holder] -->    gap: 16px; <!-- [et_pb_line_break_holder] -->    align-items: center; <!-- [et_pb_line_break_holder] -->    justify-content: space-between;<!-- [et_pb_line_break_holder] -->  }<!-- [et_pb_line_break_holder] -->  <!-- [et_pb_line_break_holder] -->  .gf-custom-how-it-works-button {<!-- [et_pb_line_break_holder] -->    display: flex; <!-- [et_pb_line_break_holder] -->    align-items:center; <!-- [et_pb_line_break_holder] -->    gap: 8px; <!-- [et_pb_line_break_holder] -->    justify-content: center; <!-- [et_pb_line_break_holder] -->    font-size: 16px; <!-- [et_pb_line_break_holder] -->    font-weight: 900; <!-- [et_pb_line_break_holder] -->    color: #ffffff; <!-- [et_pb_line_break_holder] -->    background-color: #82ba26; <!-- [et_pb_line_break_holder] -->    padding: 8px 16px; <!-- [et_pb_line_break_holder] -->    outline: none; <!-- [et_pb_line_break_holder] -->    border: none; <!-- [et_pb_line_break_holder] -->    font-family: 'Open Sans', sans-serif; <!-- [et_pb_line_break_holder] -->    border-radius: 5px; <!-- [et_pb_line_break_holder] -->    text-transform: uppercase; <!-- [et_pb_line_break_holder] -->    width: 100%;<!-- [et_pb_line_break_holder] -->    transition: .3s ease;<!-- [et_pb_line_break_holder] -->  }<!-- [et_pb_line_break_holder] -->  <!-- [et_pb_line_break_holder] -->  .gf-custom-how-it-works-button:hover {<!-- [et_pb_line_break_holder] -->    background-color: #000000;<!-- [et_pb_line_break_holder] -->    transition: .3s ease;<!-- [et_pb_line_break_holder] -->  }<!-- [et_pb_line_break_holder] --><\/style>\n<p><!-- [et_pb_line_break_holder] --><!-- [et_pb_line_break_holder] --><\/p>\n<div class=\"gf-custom-how-it-works-wrapper\" style=\"flex-wrap: wrap\"><!-- [et_pb_line_break_holder] -->  <a class=\"gf-custom-how-it-works-button\" href=\"https:\/\/gruene-flotte.com\/carsharing\/so-geht-carsharing\/registrierung\"><!-- [et_pb_line_break_holder] -->    <img decoding=\"async\" src=\"https:\/\/gruene-flotte.com\/carsharing\/wp-content\/uploads\/sites\/5\/2025\/02\/arrow-left.svg\" alt=\"arrow-left\" title=\"Pfeil-links\" \/> Registrieren<!-- [et_pb_line_break_holder] -->  <\/a><!-- [et_pb_line_break_holder] -->  <a class=\"gf-custom-how-it-works-button\" href=\"https:\/\/gruene-flotte.com\/carsharing\/so-geht-carsharing\/vor-fahrtbeginn\"><!-- [et_pb_line_break_holder] -->    Fahrtbeginn <img decoding=\"async\" src=\"https:\/\/gruene-flotte.com\/carsharing\/wp-content\/uploads\/sites\/5\/2025\/02\/arrow-right.svg\"\/><!-- [et_pb_line_break_holder] -->  <\/a><!-- [et_pb_line_break_holder] --><\/div>\n<p>[\/et_pb_code][et_pb_divider show_divider=&#8220;off&#8220; _builder_version=&#8220;4.27.4&#8243; _module_preset=&#8220;default&#8220; height=&#8220;50px&#8220; global_colors_info=&#8220;{}&#8220;][\/et_pb_divider][et_pb_video_slider show_thumbnails=&#8220;off&#8220; module_class=&#8220;gf-vid-slider&#8220; _builder_version=&#8220;4.27.4&#8243; _module_preset=&#8220;default&#8220; custom_css_free_form=&#8220;.et_pb_video_slider .et-pb-controllers-has-video-tag.et-pb-controllers {||  bottom: -45px||}||||.gf-vid-slider .et-pb-controllers a {||  background-color: #82ba26||}||||.gf-vid-slider .et-pb-controllers .et-pb-active-control {||    background-color: #82ba26||}&#8220; border_radii=&#8220;on|15px|15px|15px|15px&#8220; box_shadow_style=&#8220;preset3&#8243; locked=&#8220;off&#8220; global_colors_info=&#8220;{}&#8220;][et_pb_video_slider_item src=&#8220;https:\/\/gruene-flotte.com\/wp-content\/uploads\/sites\/5\/videos-so-gehts\/kim-buchen.mp4&#8243; image_src=&#8220;https:\/\/gruene-flotte.com\/carsharing\/wp-content\/uploads\/sites\/5\/2025\/06\/buchen-thumbnail-scaled.jpg&#8220; _builder_version=&#8220;4.27.4&#8243; _module_preset=&#8220;default&#8220; global_colors_info=&#8220;{}&#8220; show_image_overlay=&#8220;off&#8220;][\/et_pb_video_slider_item][et_pb_video_slider_item src=&#8220;https:\/\/gruene-flotte.com\/wp-content\/uploads\/sites\/5\/videos-so-gehts\/jaqui-fahren.mp4&#8243; image_src=&#8220;https:\/\/gruene-flotte.com\/carsharing\/wp-content\/uploads\/sites\/5\/2025\/06\/einsteigen-fahren-thumbnail-scaled.jpg&#8220; _builder_version=&#8220;4.27.4&#8243; _module_preset=&#8220;default&#8220; global_colors_info=&#8220;{}&#8220; show_image_overlay=&#8220;off&#8220;][\/et_pb_video_slider_item][et_pb_video_slider_item src=&#8220;https:\/\/gruene-flotte.com\/wp-content\/uploads\/sites\/5\/videos-so-gehts\/christian-schaden.mp4&#8243; image_src=&#8220;https:\/\/gruene-flotte.com\/carsharing\/wp-content\/uploads\/sites\/5\/2025\/06\/schadensmeldung-thumbnail-scaled.jpg&#8220; _builder_version=&#8220;4.27.4&#8243; _module_preset=&#8220;default&#8220; global_colors_info=&#8220;{}&#8220; show_image_overlay=&#8220;off&#8220;][\/et_pb_video_slider_item][et_pb_video_slider_item src=&#8220;https:\/\/gruene-flotte.com\/wp-content\/uploads\/sites\/5\/videos-so-gehts\/zoe-elektro.mp4&#8243; image_src=&#8220;https:\/\/gruene-flotte.com\/carsharing\/wp-content\/uploads\/sites\/5\/2025\/06\/e-carsharing-thumbnail-scaled.jpg&#8220; _builder_version=&#8220;4.27.4&#8243; _module_preset=&#8220;default&#8220; global_colors_info=&#8220;{}&#8220; show_image_overlay=&#8220;off&#8220;][\/et_pb_video_slider_item][et_pb_video_slider_item src=&#8220;https:\/\/gruene-flotte.com\/wp-content\/uploads\/sites\/5\/videos-so-gehts\/jonas-karten.mp4&#8243; image_src=&#8220;https:\/\/gruene-flotte.com\/carsharing\/wp-content\/uploads\/sites\/5\/2025\/06\/kartenmodelle-thumbnail-scaled.jpg&#8220; _builder_version=&#8220;4.27.4&#8243; _module_preset=&#8220;default&#8220; global_colors_info=&#8220;{}&#8220; show_image_overlay=&#8220;off&#8220;][\/et_pb_video_slider_item][et_pb_video_slider_item src=&#8220;https:\/\/gruene-flotte.com\/wp-content\/uploads\/sites\/5\/videos-so-gehts\/jonas-sicherheitspakete.mp4&#8243; image_src=&#8220;https:\/\/gruene-flotte.com\/carsharing\/wp-content\/uploads\/sites\/5\/2025\/06\/sicherheitspakete-thumbnail-scaled.jpg&#8220; _builder_version=&#8220;4.27.4&#8243; _module_preset=&#8220;default&#8220; global_colors_info=&#8220;{}&#8220; show_image_overlay=&#8220;off&#8220;][\/et_pb_video_slider_item][et_pb_video_slider_item src=&#8220;https:\/\/gruene-flotte.com\/wp-content\/uploads\/sites\/5\/videos-so-gehts\/jaqui-tanken.mp4&#8243; image_src=&#8220;https:\/\/gruene-flotte.com\/carsharing\/wp-content\/uploads\/sites\/5\/2025\/06\/tanken-thumbnail.jpg&#8220; _builder_version=&#8220;4.27.4&#8243; _module_preset=&#8220;default&#8220; global_colors_info=&#8220;{}&#8220; show_image_overlay=&#8220;off&#8220;][\/et_pb_video_slider_item][\/et_pb_video_slider][et_pb_divider show_divider=&#8220;off&#8220; _builder_version=&#8220;4.27.4&#8243; _module_preset=&#8220;default&#8220; height=&#8220;50px&#8220; global_colors_info=&#8220;{}&#8220;][\/et_pb_divider][et_pb_divider show_divider=&#8220;off&#8220; disabled_on=&#8220;on|on|on&#8220; _builder_version=&#8220;4.27.4&#8243; _module_preset=&#8220;default&#8220; height=&#8220;50px&#8220; disabled=&#8220;on&#8220; global_colors_info=&#8220;{}&#8220;][\/et_pb_divider][et_pb_text _builder_version=&#8220;4.27.4&#8243; _module_preset=&#8220;default&#8220; text_font=&#8220;|800||on|||||&#8220; text_text_color=&#8220;#888888&#8243; text_letter_spacing=&#8220;1px&#8220; link_font=&#8220;||||||||&#8220; text_orientation=&#8220;center&#8220; custom_margin=&#8220;20px||||false|false&#8220; global_colors_info=&#8220;{}&#8220;]<\/p>\n<p><a style=\"color: #000000;\" href=\"https:\/\/gruene-flotte.com\/carsharing\/so-geht-carsharing\/registrierung\">Registrieren<\/a><br \/><a style=\"text-decoration: underline;\" href=\"https:\/\/gruene-flotte.com\/carsharing\/so-geht-carsharing\/buchen\">Buchen<\/a><br \/><a style=\"color: #000000;\" href=\"https:\/\/gruene-flotte.com\/carsharing\/so-geht-carsharing\/vor-fahrtbeginn\">Fahrtbeginn<\/a><br \/><a style=\"color: #000000;\" href=\"https:\/\/gruene-flotte.com\/carsharing\/so-geht-carsharing\/fahren\">Fahren<\/a><br \/><a style=\"color: #000000;\" href=\"https:\/\/gruene-flotte.com\/carsharing\/so-geht-carsharing\/fahrt-beenden\">Fahrt beenden<\/a><\/p>\n<p>[\/et_pb_text][et_pb_button button_url=&#8220;@ET-DC@eyJkeW5hbWljIjp0cnVlLCJjb250ZW50IjoicG9zdF9saW5rX3VybF9wYWdlIiwic2V0dGluZ3MiOnsicG9zdF9pZCI6IjMxODkyIn19@&#8220; button_text=&#8220;zur\u00fcck zur \u00dcbersicht&#8220; button_alignment=&#8220;center&#8220; _builder_version=&#8220;4.27.4&#8243; _dynamic_attributes=&#8220;button_url&#8220; _module_preset=&#8220;default&#8220; custom_button=&#8220;on&#8220; button_text_color=&#8220;#000000&#8243; button_bg_color=&#8220;#efefef&#8220; button_letter_spacing=&#8220;0px&#8220; button_font=&#8220;|800||on|||||&#8220; button_icon=&#8220;&#x39;||divi||400&#8243; button_icon_placement=&#8220;left&#8220; custom_margin=&#8220;20px||||false|false&#8220; locked=&#8220;off&#8220; global_colors_info=&#8220;{}&#8220; button_bg_color__hover_enabled=&#8220;on|hover&#8220; button_bg_color__hover=&#8220;#000000&#8243; button_bg_enable_color__hover=&#8220;on&#8220; button_text_color__hover_enabled=&#8220;on|desktop&#8220; button_text_color__hover=&#8220;#FFFFFF&#8220;][\/et_pb_button][\/et_pb_column][\/et_pb_row][\/et_pb_section][et_pb_section fb_built=&#8220;1&#8243; custom_padding_last_edited=&#8220;on|phone&#8220; _builder_version=&#8220;4.27.4&#8243; _module_preset=&#8220;default&#8220; background_color=&#8220;#f8f8f8&#8243; custom_padding=&#8220;50px||50px||false|false&#8220; custom_padding_tablet=&#8220;||||false|false&#8220; custom_padding_phone=&#8220;50px|30px|50px|30px|false|false&#8220; locked=&#8220;off&#8220; global_colors_info=&#8220;{}&#8220; width_phone=&#8220;100%&#8220; width_last_edited=&#8220;on|phone&#8220;][et_pb_row use_custom_gutter=&#8220;on&#8220; gutter_width=&#8220;2&#8243; _builder_version=&#8220;4.27.4&#8243; _module_preset=&#8220;default&#8220; width_tablet=&#8220;&#8220; width_phone=&#8220;100%&#8220; width_last_edited=&#8220;on|phone&#8220; max_width=&#8220;1100px&#8220; custom_padding=&#8220;0px||16px||false|false&#8220; global_colors_info=&#8220;{}&#8220;][et_pb_column type=&#8220;4_4&#8243; _builder_version=&#8220;4.27.4&#8243; _module_preset=&#8220;default&#8220; global_colors_info=&#8220;{}&#8220;][et_pb_text _builder_version=&#8220;4.27.4&#8243; _module_preset=&#8220;default&#8220; header_2_font=&#8220;||||||||&#8220; header_2_line_height=&#8220;0.9em&#8220; global_colors_info=&#8220;{}&#8220;]<\/p>\n<h2 style=\"text-align: center;\">Sie haben Fragen?<\/h2>\n<p style=\"text-align: center;\">Hier k\u00f6nnen Sie ihre Frage eingeben und werden zu unseren FAQ&#8217;s weitergeleitet.<\/p>\n<p>[\/et_pb_text][et_pb_code module_id=&#8220;faq-search&#8220; _builder_version=&#8220;4.27.4&#8243; _module_preset=&#8220;default&#8220; custom_css_free_form=&#8220;.faq-search .search-container {||    display: flex;||    flex-direction: row;||    align-items: center;||    gap: 16px;||    width: 100%;||    margin-top: 30px;||}||||.faq-search #searchInput {||    flex: 1;||    padding: 8px 12px;||    border-radius: 5px;||    border: 1px solid #efefef;||    font-size: 18px;||  \twidth: 100%;||}||||.faq-search .searchInputButton {||    background-color: #82ba26;||    color: #ffffff;||    font-weight: 900;||    text-transform: uppercase;||    padding: 8px 16px;||    border-radius: 5px;||    font-size: 16px;||    outline: none;||    border: none;||    cursor: pointer;||    flex-shrink: 0;||}||||@media screen and (max-width: 775px) {||    .faq-search .search-container {||        flex-direction: column;||        gap: 16px;||    }||||    .faq-search .searchInputButton {||        width: 100%;||        padding: 12px;||    }||}&#8220; locked=&#8220;off&#8220; global_colors_info=&#8220;{}&#8220;]<\/p>\n<div class=\"faq-search\"><!-- [et_pb_line_break_holder] -->  <\/p>\n<div class=\"search-container\"><!-- [et_pb_line_break_holder] -->    <input type=\"text\" id=\"searchInput\" placeholder=\"Schlagw\u00f6rter eingeben...\" \/><!-- [et_pb_line_break_holder] -->    <button type=\"button\" class=\"searchInputButton\" id=\"searchBtn\">Suchen<\/button><!-- [et_pb_line_break_holder] -->  <\/div>\n<p><!-- [et_pb_line_break_holder] --><\/div>\n<p><!-- [et_pb_line_break_holder] --><!-- [et_pb_line_break_holder] --><script><!-- [et_pb_line_break_holder] -->  document.addEventListener(\"DOMContentLoaded\", function () {<!-- [et_pb_line_break_holder] -->    const searchBtn = document.getElementById(\"searchBtn\");<!-- [et_pb_line_break_holder] -->    if (searchBtn) {<!-- [et_pb_line_break_holder] -->      searchBtn.addEventListener(\"click\", function () {<!-- [et_pb_line_break_holder] -->        const query = document.getElementById(\"searchInput\").value.trim();<!-- [et_pb_line_break_holder] -->        if (query) {<!-- [et_pb_line_break_holder] -->          const url = \"https:\/\/gruene-flotte.com\/carsharing\/faqs\/?question=\" + encodeURIComponent(query);<!-- [et_pb_line_break_holder] -->          window.location.href = url;<!-- [et_pb_line_break_holder] -->        }<!-- [et_pb_line_break_holder] -->      });<!-- [et_pb_line_break_holder] -->    }<!-- [et_pb_line_break_holder] -->  });<!-- [et_pb_line_break_holder] --><\/script><!-- [et_pb_line_break_holder] -->[\/et_pb_code][\/et_pb_column][\/et_pb_row][\/et_pb_section][et_pb_section fb_built=&#8220;1&#8243; custom_padding_last_edited=&#8220;on|phone&#8220; disabled_on=&#8220;off|off|off&#8220; admin_label=&#8220;Footer&#8220; module_id=&#8220;kaufberatung&#8220; _builder_version=&#8220;4.27.4&#8243; _module_preset=&#8220;default&#8220; background_color=&#8220;#82ba26&#8243; z_index=&#8220;197&#8243; custom_padding=&#8220;13px||26px|||&#8220; custom_padding_tablet=&#8220;13px||26px|||&#8220; custom_padding_phone=&#8220;50px|30px|50px|30px|false|false&#8220; locked=&#8220;off&#8220; collapsed=&#8220;off&#8220; global_colors_info=&#8220;{}&#8220;][et_pb_row column_structure=&#8220;1_2,1_2&#8243; custom_padding_last_edited=&#8220;on|phone&#8220; _builder_version=&#8220;4.23.4&#8243; _module_preset=&#8220;default&#8220; width_tablet=&#8220;&#8220; width_phone=&#8220;100%&#8220; width_last_edited=&#8220;on|phone&#8220; custom_padding_tablet=&#8220;&#8220; custom_padding_phone=&#8220;0px||0px||false|false&#8220; border_color_all=&#8220;RGBA(255,255,255,0)&#8220; locked=&#8220;off&#8220; global_colors_info=&#8220;{}&#8220;][et_pb_column type=&#8220;1_2&#8243; _builder_version=&#8220;4.19.0&#8243; _module_preset=&#8220;default&#8220; global_colors_info=&#8220;{}&#8220;][et_pb_text _builder_version=&#8220;4.27.4&#8243; _module_preset=&#8220;default&#8220; text_font=&#8220;|||on|||||&#8220; text_text_color=&#8220;#FFFFFF&#8220; text_letter_spacing=&#8220;2px&#8220; header_2_text_color=&#8220;#FFFFFF&#8220; header_3_text_color=&#8220;#FFFFFF&#8220; global_colors_info=&#8220;{}&#8220;]<\/p>\n<h2>Ihre Ansprechpartner<\/h2>\n<p>F\u00fcr alle Informationen rund um unser Carsharing.<\/p>\n<p>[\/et_pb_text][\/et_pb_column][et_pb_column type=&#8220;1_2&#8243; _builder_version=&#8220;4.19.0&#8243; _module_preset=&#8220;default&#8220; link_option_url_new_window=&#8220;on&#8220; global_colors_info=&#8220;{}&#8220;][et_pb_blurb title=&#8220;Carsharing Team&#8220; image=&#8220;https:\/\/gruene-flotte.com\/carsharing\/wp-content\/uploads\/sites\/5\/2026\/03\/gf-carsharing-team-2.png&#8220; icon_placement=&#8220;left&#8220; image_icon_width=&#8220;220px&#8220; content_max_width=&#8220;1100px&#8220; icon_placement_tablet=&#8220;left&#8220; icon_placement_phone=&#8220;top&#8220; icon_placement_last_edited=&#8220;on|phone&#8220; image_icon_width_tablet=&#8220;160px&#8220; image_icon_width_phone=&#8220;230px&#8220; image_icon_width_last_edited=&#8220;on|desktop&#8220; admin_label=&#8220;Informationstext&#8220; module_class=&#8220;gf-camper-contact-banner&#8220; _builder_version=&#8220;4.27.4&#8243; _module_preset=&#8220;default&#8220; header_font=&#8220;|700|||||||&#8220; header_text_color=&#8220;#FFFFFF&#8220; body_text_color=&#8220;#FFFFFF&#8220; body_link_text_color=&#8220;#FFFFFF&#8220; image_icon_custom_margin=&#8220;|15px|||false|false&#8220; custom_margin=&#8220;5px||5px||false|false&#8220; animation=&#8220;off&#8220; header_text_align_tablet=&#8220;&#8220; header_text_align_phone=&#8220;center&#8220; header_text_align_last_edited=&#8220;on|phone&#8220; body_text_align_tablet=&#8220;&#8220; body_text_align_phone=&#8220;center&#8220; body_text_align_last_edited=&#8220;on|phone&#8220; custom_css_free_form=&#8220;.gf-camper-contact-banner .et_pb_blurb_content{||  display: flex;||  gap: 32px;||  justify-content: center;||  align-items: center;||}||||.gf-camper-contact-banner .et_pb_main_blurb_image {||  margin-bottom: 10px;||  width: auto;||}||||@media screen and (max-width: 875px) {||.gf-camper-contact-banner .et_pb_blurb_content{||  display: flex;||\tflex-direction: column;||  width: 100%;||  justify-content: center;||  align-items: center;||}||||.gf-camper-contact-banner .et_pb_main_blurb_image {||  margin-bottom: 10px;||}||}&#8220; custom_css_blurb_title=&#8220;padding-bottom:0px !important;||margin-top: 10px&#8220; border_color_all_image=&#8220;RGBA(255,255,255,0)&#8220; global_colors_info=&#8220;{}&#8220; custom_css_main_element_last_edited=&#8220;off|desktop&#8220; custom_css_blurb_title_last_edited=&#8220;on|phone&#8220; custom_css_blurb_title_phone=&#8220;margin-top: 0px;||padding-bottom: 0px;&#8220; custom_css_blurb_title_tablet=&#8220;padding-bottom:0px !important;||margin-top: 10px&#8220;]<\/p>\n<p><a href=\"mailto:info@gruene-flotte-carsharing.de\">info@gruene-flotte-carsharing.de<\/a><br \/><a href=\"tel:07681474008-0\">07681 474 008-0<\/a><\/p>\n<p>[\/et_pb_blurb][\/et_pb_column][\/et_pb_row][\/et_pb_section]<\/p>\n","protected":false},"excerpt":{"rendered":"<p>BuchenRegistrierenBuchenFahrtbeginnFahrenFahrt beendenGr\u00fcne Flotte Fahrzeuge k\u00f6nnen \u00fcber unsere Webseite, die Gr\u00fcne Flotte App oder telefonisch gebucht werden.\u200b\u200b Buchen Sie spontan oder bis zu 9 Monate im Voraus. Bis zu einer Stunde vor Buchungsbeginn kann die Fahrzeugbuchung kostenlos storniert bzw. angepasst werden. \u200bBerechnet wird immer jede angefangene Stunde. Bei vorzeitiger R\u00fcckgabe bekommen Sie f\u00fcr jede volle Stunde [&hellip;]<\/p>\n","protected":false},"author":1,"featured_media":0,"parent":31892,"menu_order":0,"comment_status":"closed","ping_status":"closed","template":"","meta":{"_acf_changed":false,"_et_pb_use_builder":"on","_et_pb_old_content":"","_et_gb_content_width":"","inline_featured_image":false,"footnotes":""},"class_list":["post-31930","page","type-page","status-publish","hentry"],"acf":[],"yoast_head":"<!-- This site is optimized with the Yoast SEO plugin v24.0 - https:\/\/yoast.com\/wordpress\/plugins\/seo\/ -->\n<title>Carsharing Buchen - Gr\u00fcne Flotte<\/title>\n<meta name=\"description\" content=\"Gr\u00fcne Flotte Fahrzeuge k\u00f6nnen \u00fcber unsere Webseite, die Gr\u00fcne Flotte App oder telefonisch gebucht werden. Bis zu 9 Monate im Voraus buchen.\" \/>\n<meta name=\"robots\" content=\"index, follow, max-snippet:-1, max-image-preview:large, max-video-preview:-1\" \/>\n<link rel=\"canonical\" href=\"https:\/\/gruene-flotte.com\/carsharing\/so-geht-carsharing\/buchen\/\" \/>\n<meta property=\"og:locale\" content=\"de_DE\" \/>\n<meta property=\"og:type\" content=\"article\" \/>\n<meta property=\"og:title\" content=\"Carsharing Buchen - Gr\u00fcne Flotte\" \/>\n<meta property=\"og:description\" content=\"Gr\u00fcne Flotte Fahrzeuge k\u00f6nnen \u00fcber unsere Webseite, die Gr\u00fcne Flotte App oder telefonisch gebucht werden. Bis zu 9 Monate im Voraus buchen.\" \/>\n<meta property=\"og:url\" content=\"https:\/\/gruene-flotte.com\/carsharing\/so-geht-carsharing\/buchen\/\" \/>\n<meta property=\"og:site_name\" content=\"Gr\u00fcne Flotte Carsharing\" \/>\n<meta property=\"article:modified_time\" content=\"2026-04-09T11:54:34+00:00\" \/>\n<meta property=\"og:image\" content=\"https:\/\/gruene-flotte.com\/carsharing\/wp-content\/uploads\/sites\/5\/2025\/10\/smartphone_only.png\" \/>\n\t<meta property=\"og:image:width\" content=\"1000\" \/>\n\t<meta property=\"og:image:height\" content=\"1243\" \/>\n\t<meta property=\"og:image:type\" content=\"image\/png\" \/>\n<meta name=\"twitter:card\" content=\"summary_large_image\" \/>\n<meta name=\"twitter:label1\" content=\"Gesch\u00e4tzte Lesezeit\" \/>\n\t<meta name=\"twitter:data1\" content=\"3\u00a0Minuten\" \/>\n<script type=\"application\/ld+json\" class=\"yoast-schema-graph\">{\"@context\":\"https:\/\/schema.org\",\"@graph\":[{\"@type\":\"WebPage\",\"@id\":\"https:\/\/gruene-flotte.com\/carsharing\/so-geht-carsharing\/buchen\/\",\"url\":\"https:\/\/gruene-flotte.com\/carsharing\/so-geht-carsharing\/buchen\/\",\"name\":\"Carsharing Buchen - Gr\u00fcne Flotte\",\"isPartOf\":{\"@id\":\"https:\/\/gruene-flotte.com\/carsharing\/#website\"},\"primaryImageOfPage\":{\"@id\":\"https:\/\/gruene-flotte.com\/carsharing\/so-geht-carsharing\/buchen\/#primaryimage\"},\"image\":{\"@id\":\"https:\/\/gruene-flotte.com\/carsharing\/so-geht-carsharing\/buchen\/#primaryimage\"},\"thumbnailUrl\":\"https:\/\/gruene-flotte.com\/carsharing\/wp-content\/uploads\/sites\/5\/2025\/10\/smartphone_only-241x300.png\",\"datePublished\":\"2025-02-03T09:50:22+00:00\",\"dateModified\":\"2026-04-09T11:54:34+00:00\",\"description\":\"Gr\u00fcne Flotte Fahrzeuge k\u00f6nnen \u00fcber unsere Webseite, die Gr\u00fcne Flotte App oder telefonisch gebucht werden. Bis zu 9 Monate im Voraus buchen.\",\"breadcrumb\":{\"@id\":\"https:\/\/gruene-flotte.com\/carsharing\/so-geht-carsharing\/buchen\/#breadcrumb\"},\"inLanguage\":\"de\",\"potentialAction\":[{\"@type\":\"ReadAction\",\"target\":[\"https:\/\/gruene-flotte.com\/carsharing\/so-geht-carsharing\/buchen\/\"]}]},{\"@type\":\"ImageObject\",\"inLanguage\":\"de\",\"@id\":\"https:\/\/gruene-flotte.com\/carsharing\/so-geht-carsharing\/buchen\/#primaryimage\",\"url\":\"https:\/\/gruene-flotte.com\/carsharing\/wp-content\/uploads\/sites\/5\/2025\/10\/smartphone_only.png\",\"contentUrl\":\"https:\/\/gruene-flotte.com\/carsharing\/wp-content\/uploads\/sites\/5\/2025\/10\/smartphone_only.png\",\"width\":1000,\"height\":1243},{\"@type\":\"BreadcrumbList\",\"@id\":\"https:\/\/gruene-flotte.com\/carsharing\/so-geht-carsharing\/buchen\/#breadcrumb\",\"itemListElement\":[{\"@type\":\"ListItem\",\"position\":1,\"name\":\"Startseite\",\"item\":\"https:\/\/gruene-flotte.com\/carsharing\/\"},{\"@type\":\"ListItem\",\"position\":2,\"name\":\"So geht Carsharing\",\"item\":\"https:\/\/gruene-flotte.com\/carsharing\/so-geht-carsharing\/\"},{\"@type\":\"ListItem\",\"position\":3,\"name\":\"So geht&#8217;s &#8211; Buchen\"}]},{\"@type\":\"WebSite\",\"@id\":\"https:\/\/gruene-flotte.com\/carsharing\/#website\",\"url\":\"https:\/\/gruene-flotte.com\/carsharing\/\",\"name\":\"Gr\u00fcne Flotte Carsharing\",\"description\":\"Flexibel. Nachhaltig. Mobil.\",\"publisher\":{\"@id\":\"https:\/\/gruene-flotte.com\/carsharing\/#organization\"},\"potentialAction\":[{\"@type\":\"SearchAction\",\"target\":{\"@type\":\"EntryPoint\",\"urlTemplate\":\"https:\/\/gruene-flotte.com\/carsharing\/?s={search_term_string}\"},\"query-input\":{\"@type\":\"PropertyValueSpecification\",\"valueRequired\":true,\"valueName\":\"search_term_string\"}}],\"inLanguage\":\"de\"},{\"@type\":\"Organization\",\"@id\":\"https:\/\/gruene-flotte.com\/carsharing\/#organization\",\"name\":\"Gr\u00fcne Flotte Carsharing\",\"url\":\"https:\/\/gruene-flotte.com\/carsharing\/\",\"logo\":{\"@type\":\"ImageObject\",\"inLanguage\":\"de\",\"@id\":\"https:\/\/gruene-flotte.com\/carsharing\/#\/schema\/logo\/image\/\",\"url\":\"https:\/\/gruene-flotte.com\/carsharing\/wp-content\/uploads\/sites\/5\/2023\/08\/carsharing-gruene-flotte-unternehmen-firmen.jpg\",\"contentUrl\":\"https:\/\/gruene-flotte.com\/carsharing\/wp-content\/uploads\/sites\/5\/2023\/08\/carsharing-gruene-flotte-unternehmen-firmen.jpg\",\"width\":1920,\"height\":1280,\"caption\":\"Gr\u00fcne Flotte Carsharing\"},\"image\":{\"@id\":\"https:\/\/gruene-flotte.com\/carsharing\/#\/schema\/logo\/image\/\"}}]}<\/script>\n<!-- \/ Yoast SEO plugin. -->","yoast_head_json":{"title":"Carsharing Buchen - Gr\u00fcne Flotte","description":"Gr\u00fcne Flotte Fahrzeuge k\u00f6nnen \u00fcber unsere Webseite, die Gr\u00fcne Flotte App oder telefonisch gebucht werden. Bis zu 9 Monate im Voraus buchen.","robots":{"index":"index","follow":"follow","max-snippet":"max-snippet:-1","max-image-preview":"max-image-preview:large","max-video-preview":"max-video-preview:-1"},"canonical":"https:\/\/gruene-flotte.com\/carsharing\/so-geht-carsharing\/buchen\/","og_locale":"de_DE","og_type":"article","og_title":"Carsharing Buchen - Gr\u00fcne Flotte","og_description":"Gr\u00fcne Flotte Fahrzeuge k\u00f6nnen \u00fcber unsere Webseite, die Gr\u00fcne Flotte App oder telefonisch gebucht werden. Bis zu 9 Monate im Voraus buchen.","og_url":"https:\/\/gruene-flotte.com\/carsharing\/so-geht-carsharing\/buchen\/","og_site_name":"Gr\u00fcne Flotte Carsharing","article_modified_time":"2026-04-09T11:54:34+00:00","og_image":[{"width":1000,"height":1243,"url":"https:\/\/gruene-flotte.com\/carsharing\/wp-content\/uploads\/sites\/5\/2025\/10\/smartphone_only.png","type":"image\/png"}],"twitter_card":"summary_large_image","twitter_misc":{"Gesch\u00e4tzte Lesezeit":"3\u00a0Minuten"},"schema":{"@context":"https:\/\/schema.org","@graph":[{"@type":"WebPage","@id":"https:\/\/gruene-flotte.com\/carsharing\/so-geht-carsharing\/buchen\/","url":"https:\/\/gruene-flotte.com\/carsharing\/so-geht-carsharing\/buchen\/","name":"Carsharing Buchen - Gr\u00fcne Flotte","isPartOf":{"@id":"https:\/\/gruene-flotte.com\/carsharing\/#website"},"primaryImageOfPage":{"@id":"https:\/\/gruene-flotte.com\/carsharing\/so-geht-carsharing\/buchen\/#primaryimage"},"image":{"@id":"https:\/\/gruene-flotte.com\/carsharing\/so-geht-carsharing\/buchen\/#primaryimage"},"thumbnailUrl":"https:\/\/gruene-flotte.com\/carsharing\/wp-content\/uploads\/sites\/5\/2025\/10\/smartphone_only-241x300.png","datePublished":"2025-02-03T09:50:22+00:00","dateModified":"2026-04-09T11:54:34+00:00","description":"Gr\u00fcne Flotte Fahrzeuge k\u00f6nnen \u00fcber unsere Webseite, die Gr\u00fcne Flotte App oder telefonisch gebucht werden. Bis zu 9 Monate im Voraus buchen.","breadcrumb":{"@id":"https:\/\/gruene-flotte.com\/carsharing\/so-geht-carsharing\/buchen\/#breadcrumb"},"inLanguage":"de","potentialAction":[{"@type":"ReadAction","target":["https:\/\/gruene-flotte.com\/carsharing\/so-geht-carsharing\/buchen\/"]}]},{"@type":"ImageObject","inLanguage":"de","@id":"https:\/\/gruene-flotte.com\/carsharing\/so-geht-carsharing\/buchen\/#primaryimage","url":"https:\/\/gruene-flotte.com\/carsharing\/wp-content\/uploads\/sites\/5\/2025\/10\/smartphone_only.png","contentUrl":"https:\/\/gruene-flotte.com\/carsharing\/wp-content\/uploads\/sites\/5\/2025\/10\/smartphone_only.png","width":1000,"height":1243},{"@type":"BreadcrumbList","@id":"https:\/\/gruene-flotte.com\/carsharing\/so-geht-carsharing\/buchen\/#breadcrumb","itemListElement":[{"@type":"ListItem","position":1,"name":"Startseite","item":"https:\/\/gruene-flotte.com\/carsharing\/"},{"@type":"ListItem","position":2,"name":"So geht Carsharing","item":"https:\/\/gruene-flotte.com\/carsharing\/so-geht-carsharing\/"},{"@type":"ListItem","position":3,"name":"So geht&#8217;s &#8211; Buchen"}]},{"@type":"WebSite","@id":"https:\/\/gruene-flotte.com\/carsharing\/#website","url":"https:\/\/gruene-flotte.com\/carsharing\/","name":"Gr\u00fcne Flotte Carsharing","description":"Flexibel. Nachhaltig. Mobil.","publisher":{"@id":"https:\/\/gruene-flotte.com\/carsharing\/#organization"},"potentialAction":[{"@type":"SearchAction","target":{"@type":"EntryPoint","urlTemplate":"https:\/\/gruene-flotte.com\/carsharing\/?s={search_term_string}"},"query-input":{"@type":"PropertyValueSpecification","valueRequired":true,"valueName":"search_term_string"}}],"inLanguage":"de"},{"@type":"Organization","@id":"https:\/\/gruene-flotte.com\/carsharing\/#organization","name":"Gr\u00fcne Flotte Carsharing","url":"https:\/\/gruene-flotte.com\/carsharing\/","logo":{"@type":"ImageObject","inLanguage":"de","@id":"https:\/\/gruene-flotte.com\/carsharing\/#\/schema\/logo\/image\/","url":"https:\/\/gruene-flotte.com\/carsharing\/wp-content\/uploads\/sites\/5\/2023\/08\/carsharing-gruene-flotte-unternehmen-firmen.jpg","contentUrl":"https:\/\/gruene-flotte.com\/carsharing\/wp-content\/uploads\/sites\/5\/2023\/08\/carsharing-gruene-flotte-unternehmen-firmen.jpg","width":1920,"height":1280,"caption":"Gr\u00fcne Flotte Carsharing"},"image":{"@id":"https:\/\/gruene-flotte.com\/carsharing\/#\/schema\/logo\/image\/"}}]}},"_links":{"self":[{"href":"https:\/\/gruene-flotte.com\/carsharing\/wp-json\/wp\/v2\/pages\/31930","targetHints":{"allow":["GET"]}}],"collection":[{"href":"https:\/\/gruene-flotte.com\/carsharing\/wp-json\/wp\/v2\/pages"}],"about":[{"href":"https:\/\/gruene-flotte.com\/carsharing\/wp-json\/wp\/v2\/types\/page"}],"author":[{"embeddable":true,"href":"https:\/\/gruene-flotte.com\/carsharing\/wp-json\/wp\/v2\/users\/1"}],"replies":[{"embeddable":true,"href":"https:\/\/gruene-flotte.com\/carsharing\/wp-json\/wp\/v2\/comments?post=31930"}],"version-history":[{"count":31,"href":"https:\/\/gruene-flotte.com\/carsharing\/wp-json\/wp\/v2\/pages\/31930\/revisions"}],"predecessor-version":[{"id":34118,"href":"https:\/\/gruene-flotte.com\/carsharing\/wp-json\/wp\/v2\/pages\/31930\/revisions\/34118"}],"up":[{"embeddable":true,"href":"https:\/\/gruene-flotte.com\/carsharing\/wp-json\/wp\/v2\/pages\/31892"}],"wp:attachment":[{"href":"https:\/\/gruene-flotte.com\/carsharing\/wp-json\/wp\/v2\/media?parent=31930"}],"curies":[{"name":"wp","href":"https:\/\/api.w.org\/{rel}","templated":true}]}}